{"id":1475,"date":"2021-01-29T15:35:54","date_gmt":"2021-01-29T15:35:54","guid":{"rendered":"http:\/\/elektromoskocsi-betegagy.hu\/?post_type=avada_portfolio&#038;p=1475"},"modified":"2022-04-26T12:28:11","modified_gmt":"2022-04-26T12:28:11","slug":"specialis-agybetetek","status":"publish","type":"avada_portfolio","link":"https:\/\/elektromoskocsi-betegagy.hu\/de\/portfolio-items\/specialis-agybetetek\/","title":{"rendered":"Speci\u00e1lis \u00e1gybet\u00e9tek"},"content":{"rendered":"<div class=\"fusion-fullwidth fullwidth-box fusion-builder-row-1 fusion-flex-container nonhundred-percent-fullwidth non-hundred-percent-height-scrolling\" style=\"background-color: rgba(255,255,255,0);background-position: left top;background-repeat: no-repeat;border-width: 0px 0px 0px 0px;border-color:#e2e2e2;border-style:solid;\" ><div class=\"fusion-builder-row fusion-row fusion-flex-align-items-stretch\" style=\"max-width:1248px;margin-left: calc(-4% \/ 2 );margin-right: calc(-4% \/ 2 );\"><div class=\"fusion-layout-column fusion_builder_column fusion-builder-column-0 fusion_builder_column_1_1 1_1 fusion-flex-column\"><div class=\"fusion-column-wrapper fusion-flex-justify-content-flex-start fusion-content-layout-column\" style=\"background-position:left top;background-repeat:no-repeat;-webkit-background-size:cover;-moz-background-size:cover;-o-background-size:cover;background-size:cover;background-color:#ffffff;border-width: 1px 1px 1px 1px;border-color:#dddddd;border-style:solid;padding: 40px 40px 40px 40px;\"><div class=\"fusion-text fusion-text-1\"><h2>Speci\u00e1lis \u00e1gybet\u00e9tek<\/h2>\n<\/div><style type=\"text\/css\">@media only screen and (max-width:1024px) {.fusion-title.fusion-title-1{margin-top:10px!important; margin-right:0px!important;margin-bottom:30px!important;margin-left:0px!important;}}@media only screen and (max-width:640px) {.fusion-title.fusion-title-1{margin-top:10px!important; margin-right:0px!important;margin-bottom:10px!important; margin-left:0px!important;}}<\/style><div class=\"fusion-title title fusion-title-1 fusion-title-text fusion-title-size-three\" style=\"margin-top:10px;margin-right:0px;margin-bottom:30px;margin-left:0px;\"><div class=\"title-sep-container title-sep-container-left fusion-no-large-visibility fusion-no-medium-visibility fusion-no-small-visibility\"><div class=\"title-sep sep-double sep-solid\" style=\"border-color:#e2e2e2;\"><\/div><\/div><span class=\"awb-title-spacer fusion-no-large-visibility fusion-no-medium-visibility fusion-no-small-visibility\"><\/span><h3 class=\"title-heading-left\" style=\"font-family:&quot;Source Sans Pro&quot;;font-weight:400;margin:0;\"><\/h3><span class=\"awb-title-spacer\"><\/span><div class=\"title-sep-container title-sep-container-right\"><div class=\"title-sep sep-double sep-solid\" style=\"border-color:#e2e2e2;\"><\/div><\/div><\/div><div class=\"fusion-text fusion-text-2\"><div>Sz\u00fcks\u00e9g eset\u00e9n h\u00e1zhoz sz\u00e1ll\u00edt\u00e1s megoldhat\u00f3. Ig\u00e9nyesek vagyunk eszk\u00f6zeink, term\u00e9keink min\u0151s\u00e9g\u00e9re, \u00e9s Partnereink sz\u00fcks\u00e9glete, ig\u00e9nye szerinti kiszolg\u00e1l\u00e1s\u00e1ra. Rakt\u00e1rainkban az \u00e1pol\u00e1st, gondoz\u00e1st seg\u00edt\u0151 eszk\u00f6z\u00f6k Eur\u00f3pai Uni\u00f3s orsz\u00e1gokb\u00f3l sz\u00e1rmaz\u00f3 sz\u00e9les v\u00e1laszt\u00e9ka folyamatosan megtal\u00e1lhat\u00f3.<\/div>\n<\/div><ul class=\"fusion-checklist fusion-checklist-1\" style=\"font-size:17px;line-height:28.9px;\"><li style=\"background-color:rgba(255,255,255,0);\" class=\"fusion-li-item\"><span style=\"background-color:#67b7e1;font-size:14.96px;height:28.9px;width:28.9px;margin-right:11.9px;\" class=\"icon-wrapper circle-yes\"><i class=\"fusion-li-icon fa-check fas\" style=\"color:#ffffff;\" aria-hidden=\"true\"><\/i><\/span><div class=\"fusion-li-item-content\" style=\"margin-left:40.8px;color:#4a4e57;\">\n<p>Az \u00e1gybet\u00e9tek felfekv\u00e9s megel\u0151z\u00e9s\u00e9re alkalmasak illetve megl\u00e9v\u0151 felfekv\u00e9s kezel\u00e9s\u00e9re.<\/p>\n<\/div><\/li><li style=\"background-color:rgba(255,255,255,0);\" class=\"fusion-li-item\"><span style=\"background-color:#67b7e1;font-size:14.96px;height:28.9px;width:28.9px;margin-right:11.9px;\" class=\"icon-wrapper circle-yes\"><i class=\"fusion-li-icon fa-check fas\" style=\"color:#ffffff;\" aria-hidden=\"true\"><\/i><\/span><div class=\"fusion-li-item-content\" style=\"margin-left:40.8px;color:#4a4e57;\">\n<p>Mem\u00f3riahabos matracok jav\u00edtj\u00e1k az alv\u00e1smin\u0151s\u00e9get.<\/p>\n<\/div><\/li><li style=\"background-color:rgba(255,255,255,0);\" class=\"fusion-li-item\"><span style=\"background-color:#67b7e1;font-size:14.96px;height:28.9px;width:28.9px;margin-right:11.9px;\" class=\"icon-wrapper circle-yes\"><i class=\"fusion-li-icon fa-check fas\" style=\"color:#ffffff;\" aria-hidden=\"true\"><\/i><\/span><div class=\"fusion-li-item-content\" style=\"margin-left:40.8px;color:#4a4e57;\">\n<p>H\u00e1rom f\u00e9le\u00a0f\u0151 csoportra vannak osztva az \u00e1gybet\u00e9teink:\u00a0 antidecubitus szivacs matrac, antidecubitus mem\u00f3riahabos matrac, antidecubitus kompresszoros matrac<\/p>\n<\/div><\/li><\/ul><div class=\"fusion-separator fusion-full-width-sep\" style=\"align-self: center;margin-left: auto;margin-right: auto;margin-top:20px;width:100%;\"><\/div><div class=\"fusion-text fusion-text-3\"><p>NR91 Antidecubitus szivacs matrac<\/p>\n<\/div><style type=\"text\/css\">.fusion-gallery-1 .fusion-gallery-image {border:0px solid #e2e2e2;}<\/style><div class=\"fusion-gallery fusion-gallery-container fusion-grid-3 fusion-columns-total-3 fusion-gallery-layout-masonry fusion-gallery-1\" style=\"margin:-5px;\"><div class=\"fusion-grid-column fusion-gallery-column fusion-gallery-column-3 hover-type-zoomin fusion-grid-sizer\"><\/div><div style=\"padding:5px;\" class=\"fusion-grid-column fusion-gallery-column fusion-gallery-column-3 hover-type-zoomin fusion-element-portrait\"><div class=\"fusion-gallery-image\"><a href=\"https:\/\/elektromoskocsi-betegagy.hu\/wp-content\/uploads\/2021\/01\/Antidecubitusfelfekvesellenimatracok1.jpg\" data-title=\"NR91 Antidecubitus szivacs matrac\" title=\"NR91 Antidecubitus szivacs matrac\" data-caption=\"NR91 Antidecubitus szivacs matrac\" rel=\"noreferrer\" data-rel=\"iLightbox[gallery_image_1]\" class=\"fusion-lightbox\" target=\"_self\"><div style=\"background-image:url(https:\/\/elektromoskocsi-betegagy.hu\/wp-content\/uploads\/2021\/01\/Antidecubitusfelfekvesellenimatracok1.jpg);padding-top:calc((100% + 10px) * 1.6);background-position:;\" class=\"fusion-masonry-element-container\"><img decoding=\"async\" src=\"https:\/\/elektromoskocsi-betegagy.hu\/wp-content\/uploads\/2021\/01\/Antidecubitusfelfekvesellenimatracok1.jpg\" width=\"286\" height=\"480\" alt=\"\" title=\"NR91 Antidecubitus szivacs matrac\" aria-label=\"NR91 Antidecubitus szivacs matrac\" class=\"img-responsive wp-image-1476\" srcset=\"https:\/\/elektromoskocsi-betegagy.hu\/wp-content\/uploads\/2021\/01\/Antidecubitusfelfekvesellenimatracok1-200x336.jpg 200w, https:\/\/elektromoskocsi-betegagy.hu\/wp-content\/uploads\/2021\/01\/Antidecubitusfelfekvesellenimatracok1.jpg 286w\" sizes=\"(min-width: 2200px) 100vw, (min-width: 784px) 397px, (min-width: 712px) 595px, (min-width: 640px) 712px, \" \/><\/div><\/a><\/div><\/div><div style=\"padding:5px;\" class=\"fusion-grid-column fusion-gallery-column fusion-gallery-column-3 hover-type-zoomin fusion-element-grid\"><div class=\"fusion-gallery-image\"><a href=\"https:\/\/elektromoskocsi-betegagy.hu\/wp-content\/uploads\/2021\/01\/IMG_20210511_152202_resized_20210511_032854482.jpg\" data-title=\"NR91 Antidecubitus szivacs matrac\" title=\"NR91 Antidecubitus szivacs matrac\" data-caption=\"NR91 Antidecubitus szivacs matrac\" rel=\"noreferrer\" data-rel=\"iLightbox[gallery_image_1]\" class=\"fusion-lightbox\" target=\"_self\"><div style=\"background-image:url(https:\/\/elektromoskocsi-betegagy.hu\/wp-content\/uploads\/2021\/01\/IMG_20210511_152202_resized_20210511_032854482.jpg);padding-top:calc((100% + 10px) * 0.8 - 5px);background-position:;\" class=\"fusion-masonry-element-container\"><img decoding=\"async\" src=\"https:\/\/elektromoskocsi-betegagy.hu\/wp-content\/uploads\/2021\/01\/IMG_20210511_152202_resized_20210511_032854482.jpg\" width=\"992\" height=\"744\" alt=\"\" title=\"NR91 Antidecubitus szivacs matrac\" aria-label=\"NR91 Antidecubitus szivacs matrac\" class=\"img-responsive wp-image-2283\" srcset=\"https:\/\/elektromoskocsi-betegagy.hu\/wp-content\/uploads\/2021\/01\/IMG_20210511_152202_resized_20210511_032854482-200x150.jpg 200w, https:\/\/elektromoskocsi-betegagy.hu\/wp-content\/uploads\/2021\/01\/IMG_20210511_152202_resized_20210511_032854482-400x300.jpg 400w, https:\/\/elektromoskocsi-betegagy.hu\/wp-content\/uploads\/2021\/01\/IMG_20210511_152202_resized_20210511_032854482-600x450.jpg 600w, https:\/\/elektromoskocsi-betegagy.hu\/wp-content\/uploads\/2021\/01\/IMG_20210511_152202_resized_20210511_032854482-800x600.jpg 800w, https:\/\/elektromoskocsi-betegagy.hu\/wp-content\/uploads\/2021\/01\/IMG_20210511_152202_resized_20210511_032854482.jpg 992w\" sizes=\"(min-width: 2200px) 100vw, (min-width: 784px) 397px, (min-width: 712px) 595px, (min-width: 640px) 712px, \" \/><\/div><\/a><\/div><\/div><div style=\"padding:5px;\" class=\"fusion-grid-column fusion-gallery-column fusion-gallery-column-3 hover-type-zoomin fusion-element-grid\"><div class=\"fusion-gallery-image\"><a href=\"https:\/\/elektromoskocsi-betegagy.hu\/wp-content\/uploads\/2021\/01\/IMG_20210511_153129_resized_20210511_033220575.jpg\" data-title=\"NR91 Antidecubitus szivacs matrac\" title=\"NR91 Antidecubitus szivacs matrac\" data-caption=\"NR91 Antidecubitus szivacs matrac\" rel=\"noreferrer\" data-rel=\"iLightbox[gallery_image_1]\" class=\"fusion-lightbox\" target=\"_self\"><div style=\"background-image:url(https:\/\/elektromoskocsi-betegagy.hu\/wp-content\/uploads\/2021\/01\/IMG_20210511_153129_resized_20210511_033220575.jpg);padding-top:calc((100% + 10px) * 0.8 - 5px);background-position:;\" class=\"fusion-masonry-element-container\"><img decoding=\"async\" src=\"https:\/\/elektromoskocsi-betegagy.hu\/wp-content\/uploads\/2021\/01\/IMG_20210511_153129_resized_20210511_033220575.jpg\" width=\"992\" height=\"744\" alt=\"\" title=\"NR91 Antidecubitus szivacs matrac\" aria-label=\"NR91 Antidecubitus szivacs matrac\" class=\"img-responsive wp-image-2284\" srcset=\"https:\/\/elektromoskocsi-betegagy.hu\/wp-content\/uploads\/2021\/01\/IMG_20210511_153129_resized_20210511_033220575-200x150.jpg 200w, https:\/\/elektromoskocsi-betegagy.hu\/wp-content\/uploads\/2021\/01\/IMG_20210511_153129_resized_20210511_033220575-400x300.jpg 400w, https:\/\/elektromoskocsi-betegagy.hu\/wp-content\/uploads\/2021\/01\/IMG_20210511_153129_resized_20210511_033220575-600x450.jpg 600w, https:\/\/elektromoskocsi-betegagy.hu\/wp-content\/uploads\/2021\/01\/IMG_20210511_153129_resized_20210511_033220575-800x600.jpg 800w, https:\/\/elektromoskocsi-betegagy.hu\/wp-content\/uploads\/2021\/01\/IMG_20210511_153129_resized_20210511_033220575.jpg 992w\" sizes=\"(min-width: 2200px) 100vw, (min-width: 784px) 397px, (min-width: 712px) 595px, (min-width: 640px) 712px, \" \/><\/div><\/a><\/div><\/div><\/div><div class=\"fusion-separator fusion-full-width-sep\" style=\"align-self: center;margin-left: auto;margin-right: auto;margin-top:20px;width:100%;\"><\/div><div class=\"fusion-text fusion-text-4\"><p>NR92 Antidecubitus mem\u00f3riahabos matrac<\/p>\n<\/div><style type=\"text\/css\">.fusion-gallery-2 .fusion-gallery-image {border:0px solid #e2e2e2;}<\/style><div class=\"fusion-gallery fusion-gallery-container fusion-grid-3 fusion-columns-total-4 fusion-gallery-layout-masonry fusion-gallery-2\" style=\"margin:-5px;\"><div class=\"fusion-grid-column fusion-gallery-column fusion-gallery-column-3 hover-type-zoomin fusion-element-grid fusion-grid-sizer\"><\/div><div style=\"padding:5px;\" class=\"fusion-grid-column fusion-gallery-column fusion-gallery-column-3 hover-type-zoomin fusion-element-grid\"><div class=\"fusion-gallery-image\"><a href=\"https:\/\/elektromoskocsi-betegagy.hu\/wp-content\/uploads\/2021\/01\/P1090151.jpg\" data-title=\"NR92 Antidecubitus mem\u00f3riahabos matrac\" title=\"NR92 Antidecubitus mem\u00f3riahabos matrac\" data-caption=\"NR92 Antidecubitus mem\u00f3riahabos matrac\" rel=\"noreferrer\" data-rel=\"iLightbox[gallery_image_2]\" class=\"fusion-lightbox\" target=\"_self\"><div style=\"background-image:url(https:\/\/elektromoskocsi-betegagy.hu\/wp-content\/uploads\/2021\/01\/P1090151.jpg);padding-top:calc((100% + 10px) * 0.8 - 5px);background-position:;\" class=\"fusion-masonry-element-container\"><img decoding=\"async\" src=\"https:\/\/elektromoskocsi-betegagy.hu\/wp-content\/uploads\/2021\/01\/P1090151.jpg\" width=\"1600\" height=\"1200\" alt=\"\" title=\"NR92 Antidecubitus mem\u00f3riahabos matrac\" aria-label=\"NR92 Antidecubitus mem\u00f3riahabos matrac\" class=\"img-responsive wp-image-2275\" srcset=\"https:\/\/elektromoskocsi-betegagy.hu\/wp-content\/uploads\/2021\/01\/P1090151-200x150.jpg 200w, https:\/\/elektromoskocsi-betegagy.hu\/wp-content\/uploads\/2021\/01\/P1090151-400x300.jpg 400w, https:\/\/elektromoskocsi-betegagy.hu\/wp-content\/uploads\/2021\/01\/P1090151-600x450.jpg 600w, https:\/\/elektromoskocsi-betegagy.hu\/wp-content\/uploads\/2021\/01\/P1090151-800x600.jpg 800w, https:\/\/elektromoskocsi-betegagy.hu\/wp-content\/uploads\/2021\/01\/P1090151-1200x900.jpg 1200w, https:\/\/elektromoskocsi-betegagy.hu\/wp-content\/uploads\/2021\/01\/P1090151.jpg 1600w\" sizes=\"(min-width: 2200px) 100vw, (min-width: 784px) 397px, (min-width: 712px) 595px, (min-width: 640px) 712px, \" \/><\/div><\/a><\/div><\/div><div style=\"padding:5px;\" class=\"fusion-grid-column fusion-gallery-column fusion-gallery-column-3 hover-type-zoomin fusion-element-grid\"><div class=\"fusion-gallery-image\"><a href=\"https:\/\/elektromoskocsi-betegagy.hu\/wp-content\/uploads\/2021\/01\/P1090150.jpg\" data-title=\"NR92 Antidecubitus mem\u00f3riahabos matrac\" title=\"NR92 Antidecubitus mem\u00f3riahabos matrac\" data-caption=\"NR92 Antidecubitus mem\u00f3riahabos matrac\" rel=\"noreferrer\" data-rel=\"iLightbox[gallery_image_2]\" class=\"fusion-lightbox\" target=\"_self\"><div style=\"background-image:url(https:\/\/elektromoskocsi-betegagy.hu\/wp-content\/uploads\/2021\/01\/P1090150.jpg);padding-top:calc((100% + 10px) * 0.8 - 5px);background-position:;\" class=\"fusion-masonry-element-container\"><img decoding=\"async\" src=\"https:\/\/elektromoskocsi-betegagy.hu\/wp-content\/uploads\/2021\/01\/P1090150.jpg\" width=\"1600\" height=\"1200\" alt=\"\" title=\"NR92 Antidecubitus mem\u00f3riahabos matrac\" aria-label=\"NR92 Antidecubitus mem\u00f3riahabos matrac\" class=\"img-responsive wp-image-2274\" srcset=\"https:\/\/elektromoskocsi-betegagy.hu\/wp-content\/uploads\/2021\/01\/P1090150-200x150.jpg 200w, https:\/\/elektromoskocsi-betegagy.hu\/wp-content\/uploads\/2021\/01\/P1090150-400x300.jpg 400w, https:\/\/elektromoskocsi-betegagy.hu\/wp-content\/uploads\/2021\/01\/P1090150-600x450.jpg 600w, https:\/\/elektromoskocsi-betegagy.hu\/wp-content\/uploads\/2021\/01\/P1090150-800x600.jpg 800w, https:\/\/elektromoskocsi-betegagy.hu\/wp-content\/uploads\/2021\/01\/P1090150-1200x900.jpg 1200w, https:\/\/elektromoskocsi-betegagy.hu\/wp-content\/uploads\/2021\/01\/P1090150.jpg 1600w\" sizes=\"(min-width: 2200px) 100vw, (min-width: 784px) 397px, (min-width: 712px) 595px, (min-width: 640px) 712px, \" \/><\/div><\/a><\/div><\/div><div style=\"padding:5px;\" class=\"fusion-grid-column fusion-gallery-column fusion-gallery-column-3 hover-type-zoomin fusion-element-grid\"><div class=\"fusion-gallery-image\"><a href=\"https:\/\/elektromoskocsi-betegagy.hu\/wp-content\/uploads\/2021\/01\/P1080877.jpg\" data-title=\"NR92 Antidecubitus mem\u00f3riahabos matrac\" title=\"NR92 Antidecubitus mem\u00f3riahabos matrac\" data-caption=\"NR92 Antidecubitus mem\u00f3riahabos matrac\" rel=\"noreferrer\" data-rel=\"iLightbox[gallery_image_2]\" class=\"fusion-lightbox\" target=\"_self\"><div style=\"background-image:url(https:\/\/elektromoskocsi-betegagy.hu\/wp-content\/uploads\/2021\/01\/P1080877.jpg);padding-top:calc((100% + 10px) * 0.8 - 5px);background-position:;\" class=\"fusion-masonry-element-container\"><img decoding=\"async\" src=\"https:\/\/elektromoskocsi-betegagy.hu\/wp-content\/uploads\/2021\/01\/P1080877.jpg\" width=\"1600\" height=\"1200\" alt=\"\" title=\"NR92 Antidecubitus mem\u00f3riahabos matrac\" aria-label=\"NR92 Antidecubitus mem\u00f3riahabos matrac\" class=\"img-responsive wp-image-2273\" srcset=\"https:\/\/elektromoskocsi-betegagy.hu\/wp-content\/uploads\/2021\/01\/P1080877-200x150.jpg 200w, https:\/\/elektromoskocsi-betegagy.hu\/wp-content\/uploads\/2021\/01\/P1080877-400x300.jpg 400w, https:\/\/elektromoskocsi-betegagy.hu\/wp-content\/uploads\/2021\/01\/P1080877-600x450.jpg 600w, https:\/\/elektromoskocsi-betegagy.hu\/wp-content\/uploads\/2021\/01\/P1080877-800x600.jpg 800w, https:\/\/elektromoskocsi-betegagy.hu\/wp-content\/uploads\/2021\/01\/P1080877-1200x900.jpg 1200w, https:\/\/elektromoskocsi-betegagy.hu\/wp-content\/uploads\/2021\/01\/P1080877.jpg 1600w\" sizes=\"(min-width: 2200px) 100vw, (min-width: 784px) 397px, (min-width: 712px) 595px, (min-width: 640px) 712px, \" \/><\/div><\/a><\/div><\/div><div style=\"padding:5px;\" class=\"fusion-grid-column fusion-gallery-column fusion-gallery-column-3 hover-type-zoomin fusion-element-grid\"><div class=\"fusion-gallery-image\"><a href=\"https:\/\/elektromoskocsi-betegagy.hu\/wp-content\/uploads\/2021\/01\/IMG_20210511_151920_resized_20210511_032854709.jpg\" data-title=\"NR92 Antidecubitus mem\u00f3riahabos matrac\" title=\"NR92 Antidecubitus mem\u00f3riahabos matrac\" data-caption=\"NR92 Antidecubitus mem\u00f3riahabos matrac\" rel=\"noreferrer\" data-rel=\"iLightbox[gallery_image_2]\" class=\"fusion-lightbox\" target=\"_self\"><div style=\"background-image:url(https:\/\/elektromoskocsi-betegagy.hu\/wp-content\/uploads\/2021\/01\/IMG_20210511_151920_resized_20210511_032854709.jpg);padding-top:calc((100% + 10px) * 0.8 - 5px);background-position:;\" class=\"fusion-masonry-element-container\"><img decoding=\"async\" src=\"https:\/\/elektromoskocsi-betegagy.hu\/wp-content\/uploads\/2021\/01\/IMG_20210511_151920_resized_20210511_032854709.jpg\" width=\"992\" height=\"744\" alt=\"\" title=\"NR92 Antidecubitus mem\u00f3riahabos matrac\" aria-label=\"NR92 Antidecubitus mem\u00f3riahabos matrac\" class=\"img-responsive wp-image-2282\" srcset=\"https:\/\/elektromoskocsi-betegagy.hu\/wp-content\/uploads\/2021\/01\/IMG_20210511_151920_resized_20210511_032854709-200x150.jpg 200w, https:\/\/elektromoskocsi-betegagy.hu\/wp-content\/uploads\/2021\/01\/IMG_20210511_151920_resized_20210511_032854709-400x300.jpg 400w, https:\/\/elektromoskocsi-betegagy.hu\/wp-content\/uploads\/2021\/01\/IMG_20210511_151920_resized_20210511_032854709-600x450.jpg 600w, https:\/\/elektromoskocsi-betegagy.hu\/wp-content\/uploads\/2021\/01\/IMG_20210511_151920_resized_20210511_032854709-800x600.jpg 800w, https:\/\/elektromoskocsi-betegagy.hu\/wp-content\/uploads\/2021\/01\/IMG_20210511_151920_resized_20210511_032854709.jpg 992w\" sizes=\"(min-width: 2200px) 100vw, (min-width: 784px) 397px, (min-width: 712px) 595px, (min-width: 640px) 712px, \" \/><\/div><\/a><\/div><\/div><\/div><div class=\"fusion-separator fusion-full-width-sep\" style=\"align-self: center;margin-left: auto;margin-right: auto;margin-top:20px;width:100%;\"><\/div><div class=\"fusion-text fusion-text-5\"><p>NR93 Antidecubitus kompresszoros matrac<\/p>\n<\/div><style type=\"text\/css\">.fusion-gallery-3 .fusion-gallery-image {border:0px solid #e2e2e2;}<\/style><div class=\"fusion-gallery fusion-gallery-container fusion-grid-3 fusion-columns-total-6 fusion-gallery-layout-masonry fusion-gallery-3\" style=\"margin:-5px;\"><div class=\"fusion-grid-column fusion-gallery-column fusion-gallery-column-3 hover-type-zoomin fusion-element-grid fusion-grid-sizer\"><\/div><div style=\"padding:5px;\" class=\"fusion-grid-column fusion-gallery-column fusion-gallery-column-3 hover-type-zoomin fusion-element-landscape\"><div class=\"fusion-gallery-image\"><a href=\"https:\/\/elektromoskocsi-betegagy.hu\/wp-content\/uploads\/2021\/01\/legpumpasagybetet3.jpg\" data-title=\"NR93 Antidecubitus kompresszoros matrac\" title=\"NR93 Antidecubitus kompresszoros matrac\" data-caption=\"NR93 Antidecubitus kompresszoros matrac\" rel=\"noreferrer\" data-rel=\"iLightbox[gallery_image_3]\" class=\"fusion-lightbox\" target=\"_self\"><div style=\"background-image:url(https:\/\/elektromoskocsi-betegagy.hu\/wp-content\/uploads\/2021\/01\/legpumpasagybetet3.jpg);padding-top:calc((100% + 10px) * 0.4 - 5px);background-position:;\" class=\"fusion-masonry-element-container\"><img decoding=\"async\" src=\"https:\/\/elektromoskocsi-betegagy.hu\/wp-content\/uploads\/2021\/01\/legpumpasagybetet3.jpg\" width=\"480\" height=\"244\" alt=\"\" title=\"NR93 Antidecubitus kompresszoros matrac\" aria-label=\"NR93 Antidecubitus kompresszoros matrac\" class=\"img-responsive wp-image-1479\" srcset=\"https:\/\/elektromoskocsi-betegagy.hu\/wp-content\/uploads\/2021\/01\/legpumpasagybetet3-200x102.jpg 200w, https:\/\/elektromoskocsi-betegagy.hu\/wp-content\/uploads\/2021\/01\/legpumpasagybetet3-400x203.jpg 400w, https:\/\/elektromoskocsi-betegagy.hu\/wp-content\/uploads\/2021\/01\/legpumpasagybetet3.jpg 480w\" sizes=\"(min-width: 2200px) 100vw, (min-width: 640px) 1200px, \" \/><\/div><\/a><\/div><\/div><div style=\"padding:5px;\" class=\"fusion-grid-column fusion-gallery-column fusion-gallery-column-3 hover-type-zoomin fusion-element-grid\"><div class=\"fusion-gallery-image\"><a href=\"https:\/\/elektromoskocsi-betegagy.hu\/wp-content\/uploads\/2021\/01\/legpumpasagybetet2.jpg\" data-title=\"NR93 Antidecubitus kompresszoros matrac\" title=\"NR93 Antidecubitus kompresszoros matrac\" data-caption=\"NR93 Antidecubitus kompresszoros matrac \" rel=\"noreferrer\" data-rel=\"iLightbox[gallery_image_3]\" class=\"fusion-lightbox\" target=\"_self\"><div style=\"background-image:url(https:\/\/elektromoskocsi-betegagy.hu\/wp-content\/uploads\/2021\/01\/legpumpasagybetet2.jpg);padding-top:calc((100% + 10px) * 0.8 - 5px);background-position:;\" class=\"fusion-masonry-element-container\"><img decoding=\"async\" src=\"https:\/\/elektromoskocsi-betegagy.hu\/wp-content\/uploads\/2021\/01\/legpumpasagybetet2.jpg\" width=\"480\" height=\"360\" alt=\"\" title=\"NR93 Antidecubitus kompresszoros matrac\" aria-label=\"NR93 Antidecubitus kompresszoros matrac\" class=\"img-responsive wp-image-1478\" srcset=\"https:\/\/elektromoskocsi-betegagy.hu\/wp-content\/uploads\/2021\/01\/legpumpasagybetet2-200x150.jpg 200w, https:\/\/elektromoskocsi-betegagy.hu\/wp-content\/uploads\/2021\/01\/legpumpasagybetet2-400x300.jpg 400w, https:\/\/elektromoskocsi-betegagy.hu\/wp-content\/uploads\/2021\/01\/legpumpasagybetet2.jpg 480w\" sizes=\"(min-width: 2200px) 100vw, (min-width: 784px) 397px, (min-width: 712px) 595px, (min-width: 640px) 712px, \" \/><\/div><\/a><\/div><\/div><div style=\"padding:5px;\" class=\"fusion-grid-column fusion-gallery-column fusion-gallery-column-3 hover-type-zoomin fusion-element-landscape\"><div class=\"fusion-gallery-image\"><a href=\"https:\/\/elektromoskocsi-betegagy.hu\/wp-content\/uploads\/2021\/01\/legpumpasagybetet.jpg\" data-title=\"NR93 Antidecubitus kompresszoros matrac\" title=\"NR93 Antidecubitus kompresszoros matrac\" data-caption=\"NR93 Antidecubitus kompresszoros matrac\" rel=\"noreferrer\" data-rel=\"iLightbox[gallery_image_3]\" class=\"fusion-lightbox\" target=\"_self\"><div style=\"background-image:url(https:\/\/elektromoskocsi-betegagy.hu\/wp-content\/uploads\/2021\/01\/legpumpasagybetet.jpg);padding-top:calc((100% + 10px) * 0.4 - 5px);background-position:;\" class=\"fusion-masonry-element-container\"><img decoding=\"async\" src=\"https:\/\/elektromoskocsi-betegagy.hu\/wp-content\/uploads\/2021\/01\/legpumpasagybetet.jpg\" width=\"480\" height=\"304\" alt=\"\" title=\"NR93 Antidecubitus kompresszoros matrac\" aria-label=\"NR93 Antidecubitus kompresszoros matrac\" class=\"img-responsive wp-image-1477\" srcset=\"https:\/\/elektromoskocsi-betegagy.hu\/wp-content\/uploads\/2021\/01\/legpumpasagybetet-200x127.jpg 200w, https:\/\/elektromoskocsi-betegagy.hu\/wp-content\/uploads\/2021\/01\/legpumpasagybetet-400x253.jpg 400w, https:\/\/elektromoskocsi-betegagy.hu\/wp-content\/uploads\/2021\/01\/legpumpasagybetet.jpg 480w\" sizes=\"(min-width: 2200px) 100vw, (min-width: 640px) 1200px, \" \/><\/div><\/a><\/div><\/div><div style=\"padding:5px;\" class=\"fusion-grid-column fusion-gallery-column fusion-gallery-column-3 hover-type-zoomin fusion-element-grid\"><div class=\"fusion-gallery-image\"><a href=\"https:\/\/elektromoskocsi-betegagy.hu\/wp-content\/uploads\/2021\/01\/P1100023.jpg\" data-title=\"NR93 Antidecubitus kompresszoros matrac\" title=\"NR93 Antidecubitus kompresszoros matrac\" data-caption=\"NR93 Antidecubitus kompresszoros matrac\" rel=\"noreferrer\" data-rel=\"iLightbox[gallery_image_3]\" class=\"fusion-lightbox\" target=\"_self\"><div style=\"background-image:url(https:\/\/elektromoskocsi-betegagy.hu\/wp-content\/uploads\/2021\/01\/P1100023.jpg);padding-top:calc((100% + 10px) * 0.8 - 5px);background-position:;\" class=\"fusion-masonry-element-container\"><img decoding=\"async\" src=\"https:\/\/elektromoskocsi-betegagy.hu\/wp-content\/uploads\/2021\/01\/P1100023.jpg\" width=\"1600\" height=\"1200\" alt=\"\" title=\"NR93 Antidecubitus kompresszoros matrac\" aria-label=\"NR93 Antidecubitus kompresszoros matrac\" class=\"img-responsive wp-image-2279\" srcset=\"https:\/\/elektromoskocsi-betegagy.hu\/wp-content\/uploads\/2021\/01\/P1100023-200x150.jpg 200w, https:\/\/elektromoskocsi-betegagy.hu\/wp-content\/uploads\/2021\/01\/P1100023-400x300.jpg 400w, https:\/\/elektromoskocsi-betegagy.hu\/wp-content\/uploads\/2021\/01\/P1100023-600x450.jpg 600w, https:\/\/elektromoskocsi-betegagy.hu\/wp-content\/uploads\/2021\/01\/P1100023-800x600.jpg 800w, https:\/\/elektromoskocsi-betegagy.hu\/wp-content\/uploads\/2021\/01\/P1100023-1200x900.jpg 1200w, https:\/\/elektromoskocsi-betegagy.hu\/wp-content\/uploads\/2021\/01\/P1100023.jpg 1600w\" sizes=\"(min-width: 2200px) 100vw, (min-width: 784px) 397px, (min-width: 712px) 595px, (min-width: 640px) 712px, \" \/><\/div><\/a><\/div><\/div><div style=\"padding:5px;\" class=\"fusion-grid-column fusion-gallery-column fusion-gallery-column-3 hover-type-zoomin fusion-element-grid\"><div class=\"fusion-gallery-image\"><a href=\"https:\/\/elektromoskocsi-betegagy.hu\/wp-content\/uploads\/2021\/01\/P1100017.jpg\" data-title=\"NR93 Antidecubitus kompresszoros matrac\" title=\"NR93 Antidecubitus kompresszoros matrac\" data-caption=\"NR93 Antidecubitus kompresszoros matrac\" rel=\"noreferrer\" data-rel=\"iLightbox[gallery_image_3]\" class=\"fusion-lightbox\" target=\"_self\"><div style=\"background-image:url(https:\/\/elektromoskocsi-betegagy.hu\/wp-content\/uploads\/2021\/01\/P1100017.jpg);padding-top:calc((100% + 10px) * 0.8 - 5px);background-position:;\" class=\"fusion-masonry-element-container\"><img decoding=\"async\" src=\"https:\/\/elektromoskocsi-betegagy.hu\/wp-content\/uploads\/2021\/01\/P1100017.jpg\" width=\"1600\" height=\"1200\" alt=\"\" title=\"NR93 Antidecubitus kompresszoros matrac\" aria-label=\"NR93 Antidecubitus kompresszoros matrac\" class=\"img-responsive wp-image-2278\" srcset=\"https:\/\/elektromoskocsi-betegagy.hu\/wp-content\/uploads\/2021\/01\/P1100017-200x150.jpg 200w, https:\/\/elektromoskocsi-betegagy.hu\/wp-content\/uploads\/2021\/01\/P1100017-400x300.jpg 400w, https:\/\/elektromoskocsi-betegagy.hu\/wp-content\/uploads\/2021\/01\/P1100017-600x450.jpg 600w, https:\/\/elektromoskocsi-betegagy.hu\/wp-content\/uploads\/2021\/01\/P1100017-800x600.jpg 800w, https:\/\/elektromoskocsi-betegagy.hu\/wp-content\/uploads\/2021\/01\/P1100017-1200x900.jpg 1200w, https:\/\/elektromoskocsi-betegagy.hu\/wp-content\/uploads\/2021\/01\/P1100017.jpg 1600w\" sizes=\"(min-width: 2200px) 100vw, (min-width: 784px) 397px, (min-width: 712px) 595px, (min-width: 640px) 712px, \" \/><\/div><\/a><\/div><\/div><div style=\"padding:5px;\" class=\"fusion-grid-column fusion-gallery-column fusion-gallery-column-3 hover-type-zoomin fusion-element-grid\"><div class=\"fusion-gallery-image\"><a href=\"https:\/\/elektromoskocsi-betegagy.hu\/wp-content\/uploads\/2021\/01\/P1100016.jpg\" data-title=\"NR93 Antidecubitus kompresszoros matrac\" title=\"NR93 Antidecubitus kompresszoros matrac\" data-caption=\"NR93 Antidecubitus kompresszoros matrac\" rel=\"noreferrer\" data-rel=\"iLightbox[gallery_image_3]\" class=\"fusion-lightbox\" target=\"_self\"><div style=\"background-image:url(https:\/\/elektromoskocsi-betegagy.hu\/wp-content\/uploads\/2021\/01\/P1100016.jpg);padding-top:calc((100% + 10px) * 0.8 - 5px);background-position:;\" class=\"fusion-masonry-element-container\"><img decoding=\"async\" src=\"https:\/\/elektromoskocsi-betegagy.hu\/wp-content\/uploads\/2021\/01\/P1100016.jpg\" width=\"1600\" height=\"1200\" alt=\"\" title=\"NR93 Antidecubitus kompresszoros matrac\" aria-label=\"NR93 Antidecubitus kompresszoros matrac\" class=\"img-responsive wp-image-2277\" srcset=\"https:\/\/elektromoskocsi-betegagy.hu\/wp-content\/uploads\/2021\/01\/P1100016-200x150.jpg 200w, https:\/\/elektromoskocsi-betegagy.hu\/wp-content\/uploads\/2021\/01\/P1100016-400x300.jpg 400w, https:\/\/elektromoskocsi-betegagy.hu\/wp-content\/uploads\/2021\/01\/P1100016-600x450.jpg 600w, https:\/\/elektromoskocsi-betegagy.hu\/wp-content\/uploads\/2021\/01\/P1100016-800x600.jpg 800w, https:\/\/elektromoskocsi-betegagy.hu\/wp-content\/uploads\/2021\/01\/P1100016-1200x900.jpg 1200w, https:\/\/elektromoskocsi-betegagy.hu\/wp-content\/uploads\/2021\/01\/P1100016.jpg 1600w\" sizes=\"(min-width: 2200px) 100vw, (min-width: 784px) 397px, (min-width: 712px) 595px, (min-width: 640px) 712px, \" \/><\/div><\/a><\/div><\/div><\/div><\/div><style type=\"text\/css\">.fusion-body .fusion-builder-column-0{width:100% !important;margin-top : 0px;margin-bottom : 20px;}.fusion-builder-column-0 > .fusion-column-wrapper {padding-top : 40px !important;padding-right : 40px !important;margin-right : 2.56%;padding-bottom : 40px !important;padding-left : 40px !important;margin-left : 1.92%;}@media only screen and (max-width:1024px) {.fusion-body .fusion-builder-column-0{width:100% !important;}.fusion-builder-column-0 > .fusion-column-wrapper {margin-right : 2.56%;margin-left : 1.92%;}}@media only screen and (max-width:640px) {.fusion-body .fusion-builder-column-0{width:100% !important;}.fusion-builder-column-0 > .fusion-column-wrapper {margin-right : 1.92%;margin-left : 1.92%;}}<\/style><\/div><\/div><style type=\"text\/css\">.fusion-body .fusion-flex-container.fusion-builder-row-1{ padding-top : 60px;margin-top : 0px;padding-right : 0px;padding-bottom : 100px;margin-bottom : 0px;padding-left : 0px;}<\/style><\/div>\n","protected":false},"excerpt":{"rendered":"","protected":false},"author":6,"featured_media":1477,"menu_order":0,"comment_status":"closed","ping_status":"closed","template":"","format":"standard","meta":{"footnotes":""},"portfolio_category":[],"portfolio_skills":[58],"portfolio_tags":[],"class_list":["post-1475","avada_portfolio","type-avada_portfolio","status-publish","format-standard","has-post-thumbnail","hentry","portfolio_skills-hu"],"yoast_head":"<!-- This site is optimized with the Yoast SEO plugin v20.3 - https:\/\/yoast.com\/wordpress\/plugins\/seo\/ -->\n<title>Speci\u00e1lis \u00e1gybet\u00e9tek - Rehab Partner Alap\u00edtv\u00e1ny<\/title>\n<meta name=\"robots\" content=\"index, follow, max-snippet:-1, max-image-preview:large, max-video-preview:-1\" \/>\n<link rel=\"canonical\" href=\"https:\/\/elektromoskocsi-betegagy.hu\/de\/portfolio-items\/specialis-agybetetek\/\" \/>\n<meta property=\"og:locale\" content=\"de_DE\" \/>\n<meta property=\"og:locale:alternate\" content=\"hu_HU\" \/>\n<meta property=\"og:locale:alternate\" content=\"en_US\" \/>\n<meta property=\"og:locale:alternate\" content=\"ro_RO\" \/>\n<meta property=\"og:type\" content=\"article\" \/>\n<meta property=\"og:title\" content=\"Speci\u00e1lis \u00e1gybet\u00e9tek - Rehab Partner Alap\u00edtv\u00e1ny\" \/>\n<meta property=\"og:url\" content=\"https:\/\/elektromoskocsi-betegagy.hu\/de\/portfolio-items\/specialis-agybetetek\/\" \/>\n<meta property=\"og:site_name\" content=\"Rehab Partner Alap\u00edtv\u00e1ny\" \/>\n<meta property=\"article:modified_time\" content=\"2022-04-26T12:28:11+00:00\" \/>\n<meta property=\"og:image\" content=\"https:\/\/elektromoskocsi-betegagy.hu\/wp-content\/uploads\/2021\/01\/legpumpasagybetet.jpg\" \/>\n\t<meta property=\"og:image:width\" content=\"480\" \/>\n\t<meta property=\"og:image:height\" content=\"304\" \/>\n\t<meta property=\"og:image:type\" content=\"image\/jpeg\" \/>\n<meta name=\"twitter:card\" content=\"summary_large_image\" \/>\n<meta name=\"twitter:label1\" content=\"Gesch\u00e4tzte Lesezeit\" \/>\n\t<meta name=\"twitter:data1\" content=\"6\u00a0Minuten\" \/>\n<script type=\"application\/ld+json\" class=\"yoast-schema-graph\">{\"@context\":\"https:\/\/schema.org\",\"@graph\":[{\"@type\":\"WebPage\",\"@id\":\"https:\/\/elektromoskocsi-betegagy.hu\/hu\/portfolio-items\/specialis-agybetetek\/\",\"url\":\"https:\/\/elektromoskocsi-betegagy.hu\/hu\/portfolio-items\/specialis-agybetetek\/\",\"name\":\"Speci\u00e1lis \u00e1gybet\u00e9tek - Rehab Partner Alap\u00edtv\u00e1ny\",\"isPartOf\":{\"@id\":\"https:\/\/elektromoskocsi-betegagy.hu\/hu\/#website\"},\"datePublished\":\"2021-01-29T15:35:54+00:00\",\"dateModified\":\"2022-04-26T12:28:11+00:00\",\"breadcrumb\":{\"@id\":\"https:\/\/elektromoskocsi-betegagy.hu\/hu\/portfolio-items\/specialis-agybetetek\/#breadcrumb\"},\"inLanguage\":\"de-DE\",\"potentialAction\":[{\"@type\":\"ReadAction\",\"target\":[\"https:\/\/elektromoskocsi-betegagy.hu\/hu\/portfolio-items\/specialis-agybetetek\/\"]}]},{\"@type\":\"BreadcrumbList\",\"@id\":\"https:\/\/elektromoskocsi-betegagy.hu\/hu\/portfolio-items\/specialis-agybetetek\/#breadcrumb\",\"itemListElement\":[{\"@type\":\"ListItem\",\"position\":1,\"name\":\"Kezd\u0151lap\",\"item\":\"https:\/\/elektromoskocsi-betegagy.hu\/hu\/\"},{\"@type\":\"ListItem\",\"position\":2,\"name\":\"Portfolio\",\"item\":\"https:\/\/elektromoskocsi-betegagy.hu\/hu\/portfolio-items\/\"},{\"@type\":\"ListItem\",\"position\":3,\"name\":\"Speci\u00e1lis \u00e1gybet\u00e9tek\"}]},{\"@type\":\"WebSite\",\"@id\":\"https:\/\/elektromoskocsi-betegagy.hu\/hu\/#website\",\"url\":\"https:\/\/elektromoskocsi-betegagy.hu\/hu\/\",\"name\":\"Rehab Partner Alap\u00edtv\u00e1ny\",\"description\":\"K\u00f3rh\u00e1zi \u00e9s gy\u00f3gy\u00e1szati eszk\u00f6z\u00f6k norv\u00e9g nagy rakt\u00e1ra\",\"potentialAction\":[{\"@type\":\"SearchAction\",\"target\":{\"@type\":\"EntryPoint\",\"urlTemplate\":\"https:\/\/elektromoskocsi-betegagy.hu\/hu\/?s={search_term_string}\"},\"query-input\":\"required name=search_term_string\"}],\"inLanguage\":\"de-DE\"}]}<\/script>\n<!-- \/ Yoast SEO plugin. -->","yoast_head_json":{"title":"Speci\u00e1lis \u00e1gybet\u00e9tek - Rehab Partner Alap\u00edtv\u00e1ny","robots":{"index":"index","follow":"follow","max-snippet":"max-snippet:-1","max-image-preview":"max-image-preview:large","max-video-preview":"max-video-preview:-1"},"canonical":"https:\/\/elektromoskocsi-betegagy.hu\/de\/portfolio-items\/specialis-agybetetek\/","og_locale":"de_DE","og_type":"article","og_title":"Speci\u00e1lis \u00e1gybet\u00e9tek - Rehab Partner Alap\u00edtv\u00e1ny","og_url":"https:\/\/elektromoskocsi-betegagy.hu\/de\/portfolio-items\/specialis-agybetetek\/","og_site_name":"Rehab Partner Alap\u00edtv\u00e1ny","article_modified_time":"2022-04-26T12:28:11+00:00","og_image":[{"width":480,"height":304,"url":"https:\/\/elektromoskocsi-betegagy.hu\/wp-content\/uploads\/2021\/01\/legpumpasagybetet.jpg","type":"image\/jpeg"}],"twitter_card":"summary_large_image","twitter_misc":{"Gesch\u00e4tzte Lesezeit":"6\u00a0Minuten"},"schema":{"@context":"https:\/\/schema.org","@graph":[{"@type":"WebPage","@id":"https:\/\/elektromoskocsi-betegagy.hu\/hu\/portfolio-items\/specialis-agybetetek\/","url":"https:\/\/elektromoskocsi-betegagy.hu\/hu\/portfolio-items\/specialis-agybetetek\/","name":"Speci\u00e1lis \u00e1gybet\u00e9tek - Rehab Partner Alap\u00edtv\u00e1ny","isPartOf":{"@id":"https:\/\/elektromoskocsi-betegagy.hu\/hu\/#website"},"datePublished":"2021-01-29T15:35:54+00:00","dateModified":"2022-04-26T12:28:11+00:00","breadcrumb":{"@id":"https:\/\/elektromoskocsi-betegagy.hu\/hu\/portfolio-items\/specialis-agybetetek\/#breadcrumb"},"inLanguage":"de-DE","potentialAction":[{"@type":"ReadAction","target":["https:\/\/elektromoskocsi-betegagy.hu\/hu\/portfolio-items\/specialis-agybetetek\/"]}]},{"@type":"BreadcrumbList","@id":"https:\/\/elektromoskocsi-betegagy.hu\/hu\/portfolio-items\/specialis-agybetetek\/#breadcrumb","itemListElement":[{"@type":"ListItem","position":1,"name":"Kezd\u0151lap","item":"https:\/\/elektromoskocsi-betegagy.hu\/hu\/"},{"@type":"ListItem","position":2,"name":"Portfolio","item":"https:\/\/elektromoskocsi-betegagy.hu\/hu\/portfolio-items\/"},{"@type":"ListItem","position":3,"name":"Speci\u00e1lis \u00e1gybet\u00e9tek"}]},{"@type":"WebSite","@id":"https:\/\/elektromoskocsi-betegagy.hu\/hu\/#website","url":"https:\/\/elektromoskocsi-betegagy.hu\/hu\/","name":"Rehab Partner Alap\u00edtv\u00e1ny","description":"K\u00f3rh\u00e1zi \u00e9s gy\u00f3gy\u00e1szati eszk\u00f6z\u00f6k norv\u00e9g nagy rakt\u00e1ra","potentialAction":[{"@type":"SearchAction","target":{"@type":"EntryPoint","urlTemplate":"https:\/\/elektromoskocsi-betegagy.hu\/hu\/?s={search_term_string}"},"query-input":"required name=search_term_string"}],"inLanguage":"de-DE"}]}},"_links":{"self":[{"href":"https:\/\/elektromoskocsi-betegagy.hu\/de\/wp-json\/wp\/v2\/avada_portfolio\/1475"}],"collection":[{"href":"https:\/\/elektromoskocsi-betegagy.hu\/de\/wp-json\/wp\/v2\/avada_portfolio"}],"about":[{"href":"https:\/\/elektromoskocsi-betegagy.hu\/de\/wp-json\/wp\/v2\/types\/avada_portfolio"}],"author":[{"embeddable":true,"href":"https:\/\/elektromoskocsi-betegagy.hu\/de\/wp-json\/wp\/v2\/users\/6"}],"replies":[{"embeddable":true,"href":"https:\/\/elektromoskocsi-betegagy.hu\/de\/wp-json\/wp\/v2\/comments?post=1475"}],"version-history":[{"count":13,"href":"https:\/\/elektromoskocsi-betegagy.hu\/de\/wp-json\/wp\/v2\/avada_portfolio\/1475\/revisions"}],"predecessor-version":[{"id":2509,"href":"https:\/\/elektromoskocsi-betegagy.hu\/de\/wp-json\/wp\/v2\/avada_portfolio\/1475\/revisions\/2509"}],"wp:featuredmedia":[{"embeddable":true,"href":"https:\/\/elektromoskocsi-betegagy.hu\/de\/wp-json\/wp\/v2\/media\/1477"}],"wp:attachment":[{"href":"https:\/\/elektromoskocsi-betegagy.hu\/de\/wp-json\/wp\/v2\/media?parent=1475"}],"wp:term":[{"taxonomy":"portfolio_category","embeddable":true,"href":"https:\/\/elektromoskocsi-betegagy.hu\/de\/wp-json\/wp\/v2\/portfolio_category?post=1475"},{"taxonomy":"portfolio_skills","embeddable":true,"href":"https:\/\/elektromoskocsi-betegagy.hu\/de\/wp-json\/wp\/v2\/portfolio_skills?post=1475"},{"taxonomy":"portfolio_tags","embeddable":true,"href":"https:\/\/elektromoskocsi-betegagy.hu\/de\/wp-json\/wp\/v2\/portfolio_tags?post=1475"}],"curies":[{"name":"wp","href":"https:\/\/api.w.org\/{rel}","templated":true}]}}