{"id":2607,"date":"2022-04-26T12:20:40","date_gmt":"2022-04-26T12:20:40","guid":{"rendered":"https:\/\/elektromoskocsi-betegagy.hu\/ro\/?post_type=avada_portfolio&#038;p=2607"},"modified":"2022-04-26T13:33:02","modified_gmt":"2022-04-26T13:33:02","slug":"scaune-cu-rotile","status":"publish","type":"avada_portfolio","link":"https:\/\/elektromoskocsi-betegagy.hu\/de\/portfolio-items\/scaune-cu-rotile\/","title":{"rendered":"Scaune cu rotile"},"content":{"rendered":"<div class=\"fusion-fullwidth fullwidth-box fusion-builder-row-1 fusion-flex-container nonhundred-percent-fullwidth non-hundred-percent-height-scrolling\" style=\"background-color: rgba(255,255,255,0);background-position: left top;background-repeat: no-repeat;border-width: 0px 0px 0px 0px;border-color:#e2e2e2;border-style:solid;\" ><div class=\"fusion-builder-row fusion-row fusion-flex-align-items-stretch\" style=\"max-width:1248px;margin-left: calc(-4% \/ 2 );margin-right: calc(-4% \/ 2 );\"><div class=\"fusion-layout-column fusion_builder_column fusion-builder-column-0 fusion_builder_column_1_1 1_1 fusion-flex-column\"><div class=\"fusion-column-wrapper fusion-flex-justify-content-flex-start fusion-content-layout-column\" style=\"background-position:left top;background-repeat:no-repeat;-webkit-background-size:cover;-moz-background-size:cover;-o-background-size:cover;background-size:cover;background-color:#ffffff;border-width: 1px 1px 1px 1px;border-color:#dddddd;border-style:solid;padding: 40px 40px 40px 40px;\"><div class=\"fusion-text fusion-text-1\"><h2>Scaune cu rotile:<\/h2>\n<\/div><style type=\"text\/css\">@media only screen and (max-width:1024px) {.fusion-title.fusion-title-1{margin-top:10px!important; margin-right:0px!important;margin-bottom:30px!important;margin-left:0px!important;}}@media only screen and (max-width:640px) {.fusion-title.fusion-title-1{margin-top:10px!important; margin-right:0px!important;margin-bottom:10px!important; margin-left:0px!important;}}<\/style><div class=\"fusion-title title fusion-title-1 fusion-title-text fusion-title-size-three\" style=\"margin-top:10px;margin-right:0px;margin-bottom:30px;margin-left:0px;\"><div class=\"title-sep-container title-sep-container-left fusion-no-large-visibility fusion-no-medium-visibility fusion-no-small-visibility\"><div class=\"title-sep sep-double sep-solid\" style=\"border-color:#e2e2e2;\"><\/div><\/div><span class=\"awb-title-spacer fusion-no-large-visibility fusion-no-medium-visibility fusion-no-small-visibility\"><\/span><h3 class=\"title-heading-left\" style=\"margin:0;\"><\/h3><span class=\"awb-title-spacer\"><\/span><div class=\"title-sep-container title-sep-container-right\"><div class=\"title-sep sep-double sep-solid\" style=\"border-color:#e2e2e2;\"><\/div><\/div><\/div><div class=\"fusion-text fusion-text-2\"><div>Livrarea la domiciliu poate fi aranjat\u0103 dac\u0103 este necesar. Cerem de la calitatea echipamentelor \u0219i produselor noastre \u0219i de a servi nevoile partenerilor no\u0219tri. \u00cen depozitele noastre, o gam\u0103 larg\u0103 de ajutoare de \u00eengrijire din \u021b\u0103rile Uniunii Europene poate fi g\u0103sit\u0103 tot timpul.<\/div>\n<\/div><ul class=\"fusion-checklist fusion-checklist-1\" style=\"font-size:17px;line-height:28.9px;\"><li style=\"background-color:rgba(255,255,255,0);\" class=\"fusion-li-item\"><span style=\"background-color:#67b7e1;font-size:14.96px;height:28.9px;width:28.9px;margin-right:11.9px;\" class=\"icon-wrapper circle-yes\"><i class=\"fusion-li-icon fa-check fas\" style=\"color:#ffffff;\" aria-hidden=\"true\"><\/i><\/span><div class=\"fusion-li-item-content\" style=\"margin-left:40.8px;color:#4a4e57;\">\n<p>Avem 200 de tipuri de scaune cu rotile. De la cel mai mic copil p\u00e2n\u0103 la 150 kg.<\/p>\n<\/div><\/li><li style=\"background-color:rgba(255,255,255,0);\" class=\"fusion-li-item\"><span style=\"background-color:#67b7e1;font-size:14.96px;height:28.9px;width:28.9px;margin-right:11.9px;\" class=\"icon-wrapper circle-yes\"><i class=\"fusion-li-icon fa-check fas\" style=\"color:#ffffff;\" aria-hidden=\"true\"><\/i><\/span><div class=\"fusion-li-item-content\" style=\"margin-left:40.8px;color:#4a4e57;\">\n<p>\u00cen scopuri de \u00eengrijire: pentru uz casnic cu multiple caracteristici de confort<\/p>\n<\/div><\/li><li style=\"background-color:rgba(255,255,255,0);\" class=\"fusion-li-item\"><span style=\"background-color:#67b7e1;font-size:14.96px;height:28.9px;width:28.9px;margin-right:11.9px;\" class=\"icon-wrapper circle-yes\"><i class=\"fusion-li-icon fa-check fas\" style=\"color:#ffffff;\" aria-hidden=\"true\"><\/i><\/span><div class=\"fusion-li-item-content\" style=\"margin-left:40.8px;color:#4a4e57;\">\n<p>Pentru scop activ: pentru sport, pentru utilizare activ\u0103 \u00een aer liber, cu material u\u0219or<\/p>\n<\/div><\/li><li style=\"background-color:rgba(255,255,255,0);\" class=\"fusion-li-item\"><span style=\"background-color:#67b7e1;font-size:14.96px;height:28.9px;width:28.9px;margin-right:11.9px;\" class=\"icon-wrapper circle-yes\"><i class=\"fusion-li-icon fa-check fas\" style=\"color:#ffffff;\" aria-hidden=\"true\"><\/i><\/span><div class=\"fusion-li-item-content\" style=\"margin-left:40.8px;color:#4a4e57;\">\n<p>Design semi-activ: at\u00e2t pentru exterior, c\u00e2t \u0219i pentru interior<\/p>\n<\/div><\/li><\/ul><div class=\"fusion-separator fusion-full-width-sep\" style=\"align-self: center;margin-left: auto;margin-right: auto;margin-top:20px;width:100%;\"><\/div><div class=\"fusion-text fusion-text-3\"><p>NR31 scaune cu rotile<\/p>\n<\/div><style type=\"text\/css\">.fusion-gallery-1 .fusion-gallery-image {border:0px solid #e2e2e2;}<\/style><div class=\"fusion-gallery fusion-gallery-container fusion-grid-3 fusion-columns-total-8 fusion-gallery-layout-masonry fusion-gallery-1\" style=\"margin:-5px;\"><div class=\"fusion-grid-column fusion-gallery-column fusion-gallery-column-3 hover-type-zoomin fusion-grid-sizer\"><\/div><div style=\"padding:5px;\" class=\"fusion-grid-column fusion-gallery-column fusion-gallery-column-3 hover-type-zoomin fusion-element-grid\"><div class=\"fusion-gallery-image\"><a href=\"https:\/\/elektromoskocsi-betegagy.hu\/wp-content\/uploads\/2021\/01\/Apolasitoloszek2.jpg\" data-title=\"NR31 \u00c1pol\u00e1si sz\u00e9k\" title=\"NR31 \u00c1pol\u00e1si sz\u00e9k\" data-caption=\"NR31 \u00c1pol\u00e1si sz\u00e9k\" rel=\"noreferrer\" data-rel=\"iLightbox[gallery_image_1]\" class=\"fusion-lightbox\" target=\"_self\"><div style=\"background-image:url(https:\/\/elektromoskocsi-betegagy.hu\/wp-content\/uploads\/2021\/01\/Apolasitoloszek2.jpg);padding-top:calc((100% + 10px) * 0.8 - 5px);background-position:;\" class=\"fusion-masonry-element-container\"><img decoding=\"async\" src=\"https:\/\/elektromoskocsi-betegagy.hu\/wp-content\/uploads\/2021\/01\/Apolasitoloszek2.jpg\" width=\"480\" height=\"360\" alt=\"\" title=\"NR31 \u00c1pol\u00e1si sz\u00e9k\" aria-label=\"NR31 \u00c1pol\u00e1si sz\u00e9k\" class=\"img-responsive wp-image-1439\" srcset=\"https:\/\/elektromoskocsi-betegagy.hu\/wp-content\/uploads\/2021\/01\/Apolasitoloszek2-200x150.jpg 200w, https:\/\/elektromoskocsi-betegagy.hu\/wp-content\/uploads\/2021\/01\/Apolasitoloszek2-400x300.jpg 400w, https:\/\/elektromoskocsi-betegagy.hu\/wp-content\/uploads\/2021\/01\/Apolasitoloszek2.jpg 480w\" sizes=\"(min-width: 2200px) 100vw, (min-width: 784px) 397px, (min-width: 712px) 595px, (min-width: 640px) 712px, \" \/><\/div><\/a><\/div><\/div><div style=\"padding:5px;\" class=\"fusion-grid-column fusion-gallery-column fusion-gallery-column-3 hover-type-zoomin fusion-element-grid\"><div class=\"fusion-gallery-image\"><a href=\"https:\/\/elektromoskocsi-betegagy.hu\/wp-content\/uploads\/2021\/01\/Apolasitoloszek3.jpg\" data-title=\"NR31 \u00c1pol\u00e1si sz\u00e9k\" title=\"NR31 \u00c1pol\u00e1si sz\u00e9k\" data-caption=\"NR31 \u00c1pol\u00e1si sz\u00e9k\" rel=\"noreferrer\" data-rel=\"iLightbox[gallery_image_1]\" class=\"fusion-lightbox\" target=\"_self\"><div style=\"background-image:url(https:\/\/elektromoskocsi-betegagy.hu\/wp-content\/uploads\/2021\/01\/Apolasitoloszek3.jpg);padding-top:calc((100% + 10px) * 0.8 - 5px);background-position:;\" class=\"fusion-masonry-element-container\"><img decoding=\"async\" src=\"https:\/\/elektromoskocsi-betegagy.hu\/wp-content\/uploads\/2021\/01\/Apolasitoloszek3.jpg\" width=\"480\" height=\"360\" alt=\"\" title=\"NR31 \u00c1pol\u00e1si sz\u00e9k\" aria-label=\"NR31 \u00c1pol\u00e1si sz\u00e9k\" class=\"img-responsive wp-image-1440\" srcset=\"https:\/\/elektromoskocsi-betegagy.hu\/wp-content\/uploads\/2021\/01\/Apolasitoloszek3-200x150.jpg 200w, https:\/\/elektromoskocsi-betegagy.hu\/wp-content\/uploads\/2021\/01\/Apolasitoloszek3-400x300.jpg 400w, https:\/\/elektromoskocsi-betegagy.hu\/wp-content\/uploads\/2021\/01\/Apolasitoloszek3.jpg 480w\" sizes=\"(min-width: 2200px) 100vw, (min-width: 784px) 397px, (min-width: 712px) 595px, (min-width: 640px) 712px, \" \/><\/div><\/a><\/div><\/div><div style=\"padding:5px;\" class=\"fusion-grid-column fusion-gallery-column fusion-gallery-column-3 hover-type-zoomin fusion-element-grid\"><div class=\"fusion-gallery-image\"><a href=\"https:\/\/elektromoskocsi-betegagy.hu\/wp-content\/uploads\/2021\/01\/Apolasitoloszek4.jpg\" data-title=\"NR31 \u00c1pol\u00e1si sz\u00e9k\" title=\"NR31 \u00c1pol\u00e1si sz\u00e9k\" data-caption=\"NR31 \u00c1pol\u00e1si sz\u00e9k\" rel=\"noreferrer\" data-rel=\"iLightbox[gallery_image_1]\" class=\"fusion-lightbox\" target=\"_self\"><div style=\"background-image:url(https:\/\/elektromoskocsi-betegagy.hu\/wp-content\/uploads\/2021\/01\/Apolasitoloszek4.jpg);padding-top:calc((100% + 10px) * 0.8 - 5px);background-position:;\" class=\"fusion-masonry-element-container\"><img decoding=\"async\" src=\"https:\/\/elektromoskocsi-betegagy.hu\/wp-content\/uploads\/2021\/01\/Apolasitoloszek4.jpg\" width=\"480\" height=\"360\" alt=\"\" title=\"NR31 \u00c1pol\u00e1si sz\u00e9k\" aria-label=\"NR31 \u00c1pol\u00e1si sz\u00e9k\" class=\"img-responsive wp-image-1441\" srcset=\"https:\/\/elektromoskocsi-betegagy.hu\/wp-content\/uploads\/2021\/01\/Apolasitoloszek4-200x150.jpg 200w, https:\/\/elektromoskocsi-betegagy.hu\/wp-content\/uploads\/2021\/01\/Apolasitoloszek4-400x300.jpg 400w, https:\/\/elektromoskocsi-betegagy.hu\/wp-content\/uploads\/2021\/01\/Apolasitoloszek4.jpg 480w\" sizes=\"(min-width: 2200px) 100vw, (min-width: 784px) 397px, (min-width: 712px) 595px, (min-width: 640px) 712px, \" \/><\/div><\/a><\/div><\/div><div style=\"padding:5px;\" class=\"fusion-grid-column fusion-gallery-column fusion-gallery-column-3 hover-type-zoomin fusion-element-grid\"><div class=\"fusion-gallery-image\"><a href=\"https:\/\/elektromoskocsi-betegagy.hu\/wp-content\/uploads\/2021\/01\/Apolasitoloszek5.jpg\" data-title=\"NR31 \u00c1pol\u00e1si sz\u00e9k\" title=\"NR31 \u00c1pol\u00e1si sz\u00e9k\" data-caption=\"NR31 \u00c1pol\u00e1si sz\u00e9k\" rel=\"noreferrer\" data-rel=\"iLightbox[gallery_image_1]\" class=\"fusion-lightbox\" target=\"_self\"><div style=\"background-image:url(https:\/\/elektromoskocsi-betegagy.hu\/wp-content\/uploads\/2021\/01\/Apolasitoloszek5.jpg);padding-top:calc((100% + 10px) * 0.8 - 5px);background-position:;\" class=\"fusion-masonry-element-container\"><img decoding=\"async\" src=\"https:\/\/elektromoskocsi-betegagy.hu\/wp-content\/uploads\/2021\/01\/Apolasitoloszek5.jpg\" width=\"480\" height=\"360\" alt=\"\" title=\"NR31 \u00c1pol\u00e1si sz\u00e9k\" aria-label=\"NR31 \u00c1pol\u00e1si sz\u00e9k\" class=\"img-responsive wp-image-1442\" srcset=\"https:\/\/elektromoskocsi-betegagy.hu\/wp-content\/uploads\/2021\/01\/Apolasitoloszek5-200x150.jpg 200w, https:\/\/elektromoskocsi-betegagy.hu\/wp-content\/uploads\/2021\/01\/Apolasitoloszek5-400x300.jpg 400w, https:\/\/elektromoskocsi-betegagy.hu\/wp-content\/uploads\/2021\/01\/Apolasitoloszek5.jpg 480w\" sizes=\"(min-width: 2200px) 100vw, (min-width: 784px) 397px, (min-width: 712px) 595px, (min-width: 640px) 712px, \" \/><\/div><\/a><\/div><\/div><div style=\"padding:5px;\" class=\"fusion-grid-column fusion-gallery-column fusion-gallery-column-3 hover-type-zoomin fusion-element-grid\"><div class=\"fusion-gallery-image\"><a href=\"https:\/\/elektromoskocsi-betegagy.hu\/wp-content\/uploads\/2021\/01\/Apolasitoloszek6.jpg\" data-title=\"NR31 \u00c1pol\u00e1si sz\u00e9k\" title=\"NR31 \u00c1pol\u00e1si sz\u00e9k\" data-caption=\"NR31 \u00c1pol\u00e1si sz\u00e9k\" rel=\"noreferrer\" data-rel=\"iLightbox[gallery_image_1]\" class=\"fusion-lightbox\" target=\"_self\"><div style=\"background-image:url(https:\/\/elektromoskocsi-betegagy.hu\/wp-content\/uploads\/2021\/01\/Apolasitoloszek6.jpg);padding-top:calc((100% + 10px) * 0.8 - 5px);background-position:;\" class=\"fusion-masonry-element-container\"><img decoding=\"async\" src=\"https:\/\/elektromoskocsi-betegagy.hu\/wp-content\/uploads\/2021\/01\/Apolasitoloszek6.jpg\" width=\"480\" height=\"360\" alt=\"\" title=\"NR31 \u00c1pol\u00e1si sz\u00e9k\" aria-label=\"NR31 \u00c1pol\u00e1si sz\u00e9k\" class=\"img-responsive wp-image-1443\" srcset=\"https:\/\/elektromoskocsi-betegagy.hu\/wp-content\/uploads\/2021\/01\/Apolasitoloszek6-200x150.jpg 200w, https:\/\/elektromoskocsi-betegagy.hu\/wp-content\/uploads\/2021\/01\/Apolasitoloszek6-400x300.jpg 400w, https:\/\/elektromoskocsi-betegagy.hu\/wp-content\/uploads\/2021\/01\/Apolasitoloszek6.jpg 480w\" sizes=\"(min-width: 2200px) 100vw, (min-width: 784px) 397px, (min-width: 712px) 595px, (min-width: 640px) 712px, \" \/><\/div><\/a><\/div><\/div><div style=\"padding:5px;\" class=\"fusion-grid-column fusion-gallery-column fusion-gallery-column-3 hover-type-zoomin fusion-element-grid\"><div class=\"fusion-gallery-image\"><a href=\"https:\/\/elektromoskocsi-betegagy.hu\/wp-content\/uploads\/2021\/01\/Normalapolasitoloszek.jpg\" data-title=\"NR31 \u00c1pol\u00e1si sz\u00e9k\" title=\"NR31 \u00c1pol\u00e1si sz\u00e9k\" data-caption=\"NR31 \u00c1pol\u00e1si sz\u00e9k\" rel=\"noreferrer\" data-rel=\"iLightbox[gallery_image_1]\" class=\"fusion-lightbox\" target=\"_self\"><div style=\"background-image:url(https:\/\/elektromoskocsi-betegagy.hu\/wp-content\/uploads\/2021\/01\/Normalapolasitoloszek.jpg);padding-top:calc((100% + 10px) * 0.8 - 5px);background-position:;\" class=\"fusion-masonry-element-container\"><img decoding=\"async\" src=\"https:\/\/elektromoskocsi-betegagy.hu\/wp-content\/uploads\/2021\/01\/Normalapolasitoloszek.jpg\" width=\"359\" height=\"480\" alt=\"\" title=\"NR31 \u00c1pol\u00e1si sz\u00e9k\" aria-label=\"NR31 \u00c1pol\u00e1si sz\u00e9k\" class=\"img-responsive wp-image-1461\" srcset=\"https:\/\/elektromoskocsi-betegagy.hu\/wp-content\/uploads\/2021\/01\/Normalapolasitoloszek-200x267.jpg 200w, https:\/\/elektromoskocsi-betegagy.hu\/wp-content\/uploads\/2021\/01\/Normalapolasitoloszek.jpg 359w\" sizes=\"(min-width: 2200px) 100vw, (min-width: 784px) 397px, (min-width: 712px) 595px, (min-width: 640px) 712px, \" \/><\/div><\/a><\/div><\/div><div style=\"padding:5px;\" class=\"fusion-grid-column fusion-gallery-column fusion-gallery-column-3 hover-type-zoomin fusion-element-grid\"><div class=\"fusion-gallery-image\"><a href=\"https:\/\/elektromoskocsi-betegagy.hu\/wp-content\/uploads\/2021\/01\/Normalapolasitoloszekocsukhszetsz-.jpg\" data-title=\"NR31 \u00c1pol\u00e1si sz\u00e9k\" title=\"NR31 \u00c1pol\u00e1si sz\u00e9k\" data-caption=\"NR31 \u00c1pol\u00e1si sz\u00e9k\" rel=\"noreferrer\" data-rel=\"iLightbox[gallery_image_1]\" class=\"fusion-lightbox\" target=\"_self\"><div style=\"background-image:url(https:\/\/elektromoskocsi-betegagy.hu\/wp-content\/uploads\/2021\/01\/Normalapolasitoloszekocsukhszetsz-.jpg);padding-top:calc((100% + 10px) * 0.8 - 5px);background-position:;\" class=\"fusion-masonry-element-container\"><img decoding=\"async\" src=\"https:\/\/elektromoskocsi-betegagy.hu\/wp-content\/uploads\/2021\/01\/Normalapolasitoloszekocsukhszetsz-.jpg\" width=\"450\" height=\"480\" alt=\"\" title=\"NR31 \u00c1pol\u00e1si sz\u00e9k\" aria-label=\"NR31 \u00c1pol\u00e1si sz\u00e9k\" class=\"img-responsive wp-image-1462\" srcset=\"https:\/\/elektromoskocsi-betegagy.hu\/wp-content\/uploads\/2021\/01\/Normalapolasitoloszekocsukhszetsz--200x213.jpg 200w, https:\/\/elektromoskocsi-betegagy.hu\/wp-content\/uploads\/2021\/01\/Normalapolasitoloszekocsukhszetsz--400x427.jpg 400w, https:\/\/elektromoskocsi-betegagy.hu\/wp-content\/uploads\/2021\/01\/Normalapolasitoloszekocsukhszetsz-.jpg 450w\" sizes=\"(min-width: 2200px) 100vw, (min-width: 784px) 397px, (min-width: 712px) 595px, (min-width: 640px) 712px, \" \/><\/div><\/a><\/div><\/div><div style=\"padding:5px;\" class=\"fusion-grid-column fusion-gallery-column fusion-gallery-column-3 hover-type-zoomin fusion-element-grid\"><div class=\"fusion-gallery-image\"><a href=\"https:\/\/elektromoskocsi-betegagy.hu\/wp-content\/uploads\/2021\/01\/Normalapolasitoloszekocsukhszetsz2.jpg\" data-title=\"NR31 \u00c1pol\u00e1si sz\u00e9k\" title=\"NR31 \u00c1pol\u00e1si sz\u00e9k\" data-caption=\"NR31 \u00c1pol\u00e1si sz\u00e9k\" rel=\"noreferrer\" data-rel=\"iLightbox[gallery_image_1]\" class=\"fusion-lightbox\" target=\"_self\"><div style=\"background-image:url(https:\/\/elektromoskocsi-betegagy.hu\/wp-content\/uploads\/2021\/01\/Normalapolasitoloszekocsukhszetsz2.jpg);padding-top:calc((100% + 10px) * 0.8 - 5px);background-position:;\" class=\"fusion-masonry-element-container\"><img decoding=\"async\" src=\"https:\/\/elektromoskocsi-betegagy.hu\/wp-content\/uploads\/2021\/01\/Normalapolasitoloszekocsukhszetsz2.jpg\" width=\"480\" height=\"360\" alt=\"\" title=\"NR31 \u00c1pol\u00e1si sz\u00e9k\" aria-label=\"NR31 \u00c1pol\u00e1si sz\u00e9k\" class=\"img-responsive wp-image-1463\" srcset=\"https:\/\/elektromoskocsi-betegagy.hu\/wp-content\/uploads\/2021\/01\/Normalapolasitoloszekocsukhszetsz2-200x150.jpg 200w, https:\/\/elektromoskocsi-betegagy.hu\/wp-content\/uploads\/2021\/01\/Normalapolasitoloszekocsukhszetsz2-400x300.jpg 400w, https:\/\/elektromoskocsi-betegagy.hu\/wp-content\/uploads\/2021\/01\/Normalapolasitoloszekocsukhszetsz2.jpg 480w\" sizes=\"(min-width: 2200px) 100vw, (min-width: 784px) 397px, (min-width: 712px) 595px, (min-width: 640px) 712px, \" \/><\/div><\/a><\/div><\/div><\/div><div class=\"fusion-separator fusion-full-width-sep\" style=\"align-self: center;margin-left: auto;margin-right: auto;margin-top:20px;width:100%;\"><\/div><div class=\"fusion-text fusion-text-4\"><p>NR32 scaune cu rotile active <\/p>\n<\/div><style type=\"text\/css\">.fusion-gallery-2 .fusion-gallery-image {border:0px solid #e2e2e2;}<\/style><div class=\"fusion-gallery fusion-gallery-container fusion-grid-3 fusion-columns-total-7 fusion-gallery-layout-masonry fusion-gallery-2\" style=\"margin:-5px;\"><div class=\"fusion-grid-column fusion-gallery-column fusion-gallery-column-3 hover-type-zoomin fusion-element-grid fusion-grid-sizer\"><\/div><div style=\"padding:5px;\" class=\"fusion-grid-column fusion-gallery-column fusion-gallery-column-3 hover-type-zoomin fusion-element-grid\"><div class=\"fusion-gallery-image\"><a href=\"https:\/\/elektromoskocsi-betegagy.hu\/wp-content\/uploads\/2021\/01\/Aktivkerekesszek2.jpg\" data-title=\"NR32 Akt\u00edv kerekessz\u00e9k\" title=\"NR32 Akt\u00edv kerekessz\u00e9k\" data-caption=\"NR32 Akt\u00edv kerekessz\u00e9k\" rel=\"noreferrer\" data-rel=\"iLightbox[gallery_image_2]\" class=\"fusion-lightbox\" target=\"_self\"><div style=\"background-image:url(https:\/\/elektromoskocsi-betegagy.hu\/wp-content\/uploads\/2021\/01\/Aktivkerekesszek2.jpg);padding-top:calc((100% + 10px) * 0.8 - 5px);background-position:;\" class=\"fusion-masonry-element-container\"><img decoding=\"async\" src=\"https:\/\/elektromoskocsi-betegagy.hu\/wp-content\/uploads\/2021\/01\/Aktivkerekesszek2.jpg\" width=\"390\" height=\"480\" alt=\"\" title=\"NR32 Akt\u00edv kerekessz\u00e9k\" aria-label=\"NR32 Akt\u00edv kerekessz\u00e9k\" class=\"img-responsive wp-image-1437\" srcset=\"https:\/\/elektromoskocsi-betegagy.hu\/wp-content\/uploads\/2021\/01\/Aktivkerekesszek2-200x246.jpg 200w, https:\/\/elektromoskocsi-betegagy.hu\/wp-content\/uploads\/2021\/01\/Aktivkerekesszek2.jpg 390w\" sizes=\"(min-width: 2200px) 100vw, (min-width: 784px) 397px, (min-width: 712px) 595px, (min-width: 640px) 712px, \" \/><\/div><\/a><\/div><\/div><div style=\"padding:5px;\" class=\"fusion-grid-column fusion-gallery-column fusion-gallery-column-3 hover-type-zoomin fusion-element-grid\"><div class=\"fusion-gallery-image\"><a href=\"https:\/\/elektromoskocsi-betegagy.hu\/wp-content\/uploads\/2021\/01\/KUSCHALLaktivkerekesszek.jpg\" data-title=\"NR32 Akt\u00edv kerekessz\u00e9k\" title=\"NR32 Akt\u00edv kerekessz\u00e9k\" data-caption=\"NR32 Akt\u00edv kerekessz\u00e9k\" rel=\"noreferrer\" data-rel=\"iLightbox[gallery_image_2]\" class=\"fusion-lightbox\" target=\"_self\"><div style=\"background-image:url(https:\/\/elektromoskocsi-betegagy.hu\/wp-content\/uploads\/2021\/01\/KUSCHALLaktivkerekesszek.jpg);padding-top:calc((100% + 10px) * 0.8 - 5px);background-position:;\" class=\"fusion-masonry-element-container\"><img decoding=\"async\" src=\"https:\/\/elektromoskocsi-betegagy.hu\/wp-content\/uploads\/2021\/01\/KUSCHALLaktivkerekesszek.jpg\" width=\"480\" height=\"360\" alt=\"\" title=\"NR32 Akt\u00edv kerekessz\u00e9k\" aria-label=\"NR32 Akt\u00edv kerekessz\u00e9k\" class=\"img-responsive wp-image-1457\" srcset=\"https:\/\/elektromoskocsi-betegagy.hu\/wp-content\/uploads\/2021\/01\/KUSCHALLaktivkerekesszek-200x150.jpg 200w, https:\/\/elektromoskocsi-betegagy.hu\/wp-content\/uploads\/2021\/01\/KUSCHALLaktivkerekesszek-400x300.jpg 400w, https:\/\/elektromoskocsi-betegagy.hu\/wp-content\/uploads\/2021\/01\/KUSCHALLaktivkerekesszek.jpg 480w\" sizes=\"(min-width: 2200px) 100vw, (min-width: 784px) 397px, (min-width: 712px) 595px, (min-width: 640px) 712px, \" \/><\/div><\/a><\/div><\/div><div style=\"padding:5px;\" class=\"fusion-grid-column fusion-gallery-column fusion-gallery-column-3 hover-type-zoomin fusion-element-grid\"><div class=\"fusion-gallery-image\"><a href=\"https:\/\/elektromoskocsi-betegagy.hu\/wp-content\/uploads\/2021\/01\/KUSCHALLaktivkerekesszek2.jpg\" data-title=\"NR32 Akt\u00edv kerekessz\u00e9k\" title=\"NR32 Akt\u00edv kerekessz\u00e9k\" data-caption=\"NR32 Akt\u00edv kerekessz\u00e9k\" rel=\"noreferrer\" data-rel=\"iLightbox[gallery_image_2]\" class=\"fusion-lightbox\" target=\"_self\"><div style=\"background-image:url(https:\/\/elektromoskocsi-betegagy.hu\/wp-content\/uploads\/2021\/01\/KUSCHALLaktivkerekesszek2.jpg);padding-top:calc((100% + 10px) * 0.8 - 5px);background-position:;\" class=\"fusion-masonry-element-container\"><img decoding=\"async\" src=\"https:\/\/elektromoskocsi-betegagy.hu\/wp-content\/uploads\/2021\/01\/KUSCHALLaktivkerekesszek2.jpg\" width=\"480\" height=\"360\" alt=\"\" title=\"NR32 Akt\u00edv kerekessz\u00e9k\" aria-label=\"NR32 Akt\u00edv kerekessz\u00e9k\" class=\"img-responsive wp-image-1458\" srcset=\"https:\/\/elektromoskocsi-betegagy.hu\/wp-content\/uploads\/2021\/01\/KUSCHALLaktivkerekesszek2-200x150.jpg 200w, https:\/\/elektromoskocsi-betegagy.hu\/wp-content\/uploads\/2021\/01\/KUSCHALLaktivkerekesszek2-400x300.jpg 400w, https:\/\/elektromoskocsi-betegagy.hu\/wp-content\/uploads\/2021\/01\/KUSCHALLaktivkerekesszek2.jpg 480w\" sizes=\"(min-width: 2200px) 100vw, (min-width: 784px) 397px, (min-width: 712px) 595px, (min-width: 640px) 712px, \" \/><\/div><\/a><\/div><\/div><div style=\"padding:5px;\" class=\"fusion-grid-column fusion-gallery-column fusion-gallery-column-3 hover-type-zoomin fusion-element-grid\"><div class=\"fusion-gallery-image\"><a href=\"https:\/\/elektromoskocsi-betegagy.hu\/wp-content\/uploads\/2021\/01\/KUSCHALLaktivkerekesszek3.jpg\" data-title=\"NR32 Akt\u00edv kerekessz\u00e9k\" title=\"NR32 Akt\u00edv kerekessz\u00e9k\" data-caption=\"NR32 Akt\u00edv kerekessz\u00e9k\" rel=\"noreferrer\" data-rel=\"iLightbox[gallery_image_2]\" class=\"fusion-lightbox\" target=\"_self\"><div style=\"background-image:url(https:\/\/elektromoskocsi-betegagy.hu\/wp-content\/uploads\/2021\/01\/KUSCHALLaktivkerekesszek3.jpg);padding-top:calc((100% + 10px) * 0.8 - 5px);background-position:;\" class=\"fusion-masonry-element-container\"><img decoding=\"async\" src=\"https:\/\/elektromoskocsi-betegagy.hu\/wp-content\/uploads\/2021\/01\/KUSCHALLaktivkerekesszek3.jpg\" width=\"480\" height=\"360\" alt=\"\" title=\"NR32 Akt\u00edv kerekessz\u00e9k\" aria-label=\"NR32 Akt\u00edv kerekessz\u00e9k\" class=\"img-responsive wp-image-1459\" srcset=\"https:\/\/elektromoskocsi-betegagy.hu\/wp-content\/uploads\/2021\/01\/KUSCHALLaktivkerekesszek3-200x150.jpg 200w, https:\/\/elektromoskocsi-betegagy.hu\/wp-content\/uploads\/2021\/01\/KUSCHALLaktivkerekesszek3-400x300.jpg 400w, https:\/\/elektromoskocsi-betegagy.hu\/wp-content\/uploads\/2021\/01\/KUSCHALLaktivkerekesszek3.jpg 480w\" sizes=\"(min-width: 2200px) 100vw, (min-width: 784px) 397px, (min-width: 712px) 595px, (min-width: 640px) 712px, \" \/><\/div><\/a><\/div><\/div><div style=\"padding:5px;\" class=\"fusion-grid-column fusion-gallery-column fusion-gallery-column-3 hover-type-zoomin fusion-element-grid\"><div class=\"fusion-gallery-image\"><a href=\"https:\/\/elektromoskocsi-betegagy.hu\/wp-content\/uploads\/2021\/01\/Normaltoloszek.jpg\" data-title=\"NR32 Akt\u00edv kerekessz\u00e9k\" title=\"NR32 Akt\u00edv kerekessz\u00e9k\" data-caption=\"NR32 Akt\u00edv kerekessz\u00e9k\" rel=\"noreferrer\" data-rel=\"iLightbox[gallery_image_2]\" class=\"fusion-lightbox\" target=\"_self\"><div style=\"background-image:url(https:\/\/elektromoskocsi-betegagy.hu\/wp-content\/uploads\/2021\/01\/Normaltoloszek.jpg);padding-top:calc((100% + 10px) * 0.8 - 5px);background-position:;\" class=\"fusion-masonry-element-container\"><img decoding=\"async\" src=\"https:\/\/elektromoskocsi-betegagy.hu\/wp-content\/uploads\/2021\/01\/Normaltoloszek.jpg\" width=\"398\" height=\"480\" alt=\"\" title=\"NR32 Akt\u00edv kerekessz\u00e9k\" aria-label=\"NR32 Akt\u00edv kerekessz\u00e9k\" class=\"img-responsive wp-image-1467\" srcset=\"https:\/\/elektromoskocsi-betegagy.hu\/wp-content\/uploads\/2021\/01\/Normaltoloszek-200x241.jpg 200w, https:\/\/elektromoskocsi-betegagy.hu\/wp-content\/uploads\/2021\/01\/Normaltoloszek.jpg 398w\" sizes=\"(min-width: 2200px) 100vw, (min-width: 784px) 397px, (min-width: 712px) 595px, (min-width: 640px) 712px, \" \/><\/div><\/a><\/div><\/div><div style=\"padding:5px;\" class=\"fusion-grid-column fusion-gallery-column fusion-gallery-column-3 hover-type-zoomin fusion-element-grid\"><div class=\"fusion-gallery-image\"><a href=\"https:\/\/elektromoskocsi-betegagy.hu\/wp-content\/uploads\/2021\/01\/pantheraaktivkerekesszek.jpg\" data-title=\"NR32 Akt\u00edv kerekessz\u00e9k\" title=\"NR32 Akt\u00edv kerekessz\u00e9k\" data-caption=\"NR32 Akt\u00edv kerekessz\u00e9k\" rel=\"noreferrer\" data-rel=\"iLightbox[gallery_image_2]\" class=\"fusion-lightbox\" target=\"_self\"><div style=\"background-image:url(https:\/\/elektromoskocsi-betegagy.hu\/wp-content\/uploads\/2021\/01\/pantheraaktivkerekesszek.jpg);padding-top:calc((100% + 10px) * 0.8 - 5px);background-position:;\" class=\"fusion-masonry-element-container\"><img decoding=\"async\" src=\"https:\/\/elektromoskocsi-betegagy.hu\/wp-content\/uploads\/2021\/01\/pantheraaktivkerekesszek.jpg\" width=\"480\" height=\"360\" alt=\"\" title=\"NR32 Akt\u00edv kerekessz\u00e9k\" aria-label=\"NR32 Akt\u00edv kerekessz\u00e9k\" class=\"img-responsive wp-image-1468\" srcset=\"https:\/\/elektromoskocsi-betegagy.hu\/wp-content\/uploads\/2021\/01\/pantheraaktivkerekesszek-200x150.jpg 200w, https:\/\/elektromoskocsi-betegagy.hu\/wp-content\/uploads\/2021\/01\/pantheraaktivkerekesszek-400x300.jpg 400w, https:\/\/elektromoskocsi-betegagy.hu\/wp-content\/uploads\/2021\/01\/pantheraaktivkerekesszek.jpg 480w\" sizes=\"(min-width: 2200px) 100vw, (min-width: 784px) 397px, (min-width: 712px) 595px, (min-width: 640px) 712px, \" \/><\/div><\/a><\/div><\/div><div style=\"padding:5px;\" class=\"fusion-grid-column fusion-gallery-column fusion-gallery-column-3 hover-type-zoomin fusion-element-grid\"><div class=\"fusion-gallery-image\"><a href=\"https:\/\/elektromoskocsi-betegagy.hu\/wp-content\/uploads\/2021\/01\/pantheraaktivkerekesszek2.jpg\" data-title=\"NR32 Akt\u00edv kerekessz\u00e9k\" title=\"NR32 Akt\u00edv kerekessz\u00e9k\" data-caption=\"NR32 Akt\u00edv kerekessz\u00e9k\" rel=\"noreferrer\" data-rel=\"iLightbox[gallery_image_2]\" class=\"fusion-lightbox\" target=\"_self\"><div style=\"background-image:url(https:\/\/elektromoskocsi-betegagy.hu\/wp-content\/uploads\/2021\/01\/pantheraaktivkerekesszek2.jpg);padding-top:calc((100% + 10px) * 0.8 - 5px);background-position:;\" class=\"fusion-masonry-element-container\"><img decoding=\"async\" src=\"https:\/\/elektromoskocsi-betegagy.hu\/wp-content\/uploads\/2021\/01\/pantheraaktivkerekesszek2.jpg\" width=\"480\" height=\"360\" alt=\"\" title=\"NR32 Akt\u00edv kerekessz\u00e9k\" aria-label=\"NR32 Akt\u00edv kerekessz\u00e9k\" class=\"img-responsive wp-image-1469\" srcset=\"https:\/\/elektromoskocsi-betegagy.hu\/wp-content\/uploads\/2021\/01\/pantheraaktivkerekesszek2-200x150.jpg 200w, https:\/\/elektromoskocsi-betegagy.hu\/wp-content\/uploads\/2021\/01\/pantheraaktivkerekesszek2-400x300.jpg 400w, https:\/\/elektromoskocsi-betegagy.hu\/wp-content\/uploads\/2021\/01\/pantheraaktivkerekesszek2.jpg 480w\" sizes=\"(min-width: 2200px) 100vw, (min-width: 784px) 397px, (min-width: 712px) 595px, (min-width: 640px) 712px, \" \/><\/div><\/a><\/div><\/div><\/div><div class=\"fusion-separator fusion-full-width-sep\" style=\"align-self: center;margin-left: auto;margin-right: auto;margin-top:20px;width:100%;\"><\/div><div class=\"fusion-text fusion-text-5\"><p>NR33 Scaune cu rotile semiactiv<\/p>\n<\/div><style type=\"text\/css\">.fusion-gallery-3 .fusion-gallery-image {border:0px solid #e2e2e2;}<\/style><div class=\"fusion-gallery fusion-gallery-container fusion-grid-3 fusion-columns-total-6 fusion-gallery-layout-masonry fusion-gallery-3\" style=\"margin:-5px;\"><div class=\"fusion-grid-column fusion-gallery-column fusion-gallery-column-3 hover-type-zoomin fusion-element-grid fusion-grid-sizer\"><\/div><div style=\"padding:5px;\" class=\"fusion-grid-column fusion-gallery-column fusion-gallery-column-3 hover-type-zoomin fusion-element-grid\"><div class=\"fusion-gallery-image\"><a href=\"https:\/\/elektromoskocsi-betegagy.hu\/wp-content\/uploads\/2021\/01\/Aktivkerekesszek.jpg\" data-title=\"NR33 F\u00e9lakt\u00edv kerekessz\u00e9k\" title=\"NR33 F\u00e9lakt\u00edv kerekessz\u00e9k\" data-caption=\"NR33 F\u00e9lakt\u00edv kerekessz\u00e9k\" rel=\"noreferrer\" data-rel=\"iLightbox[gallery_image_3]\" class=\"fusion-lightbox\" target=\"_self\"><div style=\"background-image:url(https:\/\/elektromoskocsi-betegagy.hu\/wp-content\/uploads\/2021\/01\/Aktivkerekesszek.jpg);padding-top:calc((100% + 10px) * 0.8 - 5px);background-position:;\" class=\"fusion-masonry-element-container\"><img decoding=\"async\" src=\"https:\/\/elektromoskocsi-betegagy.hu\/wp-content\/uploads\/2021\/01\/Aktivkerekesszek.jpg\" width=\"480\" height=\"360\" alt=\"\" title=\"NR33 F\u00e9lakt\u00edv kerekessz\u00e9k\" aria-label=\"NR33 F\u00e9lakt\u00edv kerekessz\u00e9k\" class=\"img-responsive wp-image-1436\" srcset=\"https:\/\/elektromoskocsi-betegagy.hu\/wp-content\/uploads\/2021\/01\/Aktivkerekesszek-200x150.jpg 200w, https:\/\/elektromoskocsi-betegagy.hu\/wp-content\/uploads\/2021\/01\/Aktivkerekesszek-400x300.jpg 400w, https:\/\/elektromoskocsi-betegagy.hu\/wp-content\/uploads\/2021\/01\/Aktivkerekesszek.jpg 480w\" sizes=\"(min-width: 2200px) 100vw, (min-width: 784px) 397px, (min-width: 712px) 595px, (min-width: 640px) 712px, \" \/><\/div><\/a><\/div><\/div><div style=\"padding:5px;\" class=\"fusion-grid-column fusion-gallery-column fusion-gallery-column-3 hover-type-zoomin fusion-element-grid\"><div class=\"fusion-gallery-image\"><a href=\"https:\/\/elektromoskocsi-betegagy.hu\/wp-content\/uploads\/2021\/01\/Felaktivosszecsukhatokerekesszek.jpg\" data-title=\"NR33 F\u00e9lakt\u00edv kerekessz\u00e9k\" title=\"NR33 F\u00e9lakt\u00edv kerekessz\u00e9k\" data-caption=\"NR33 F\u00e9lakt\u00edv kerekessz\u00e9k\" rel=\"noreferrer\" data-rel=\"iLightbox[gallery_image_3]\" class=\"fusion-lightbox\" target=\"_self\"><div style=\"background-image:url(https:\/\/elektromoskocsi-betegagy.hu\/wp-content\/uploads\/2021\/01\/Felaktivosszecsukhatokerekesszek.jpg);padding-top:calc((100% + 10px) * 0.8 - 5px);background-position:;\" class=\"fusion-masonry-element-container\"><img decoding=\"async\" src=\"https:\/\/elektromoskocsi-betegagy.hu\/wp-content\/uploads\/2021\/01\/Felaktivosszecsukhatokerekesszek.jpg\" width=\"480\" height=\"360\" alt=\"\" title=\"NR33 F\u00e9lakt\u00edv kerekessz\u00e9k\" aria-label=\"NR33 F\u00e9lakt\u00edv kerekessz\u00e9k\" class=\"img-responsive wp-image-1448\" srcset=\"https:\/\/elektromoskocsi-betegagy.hu\/wp-content\/uploads\/2021\/01\/Felaktivosszecsukhatokerekesszek-200x150.jpg 200w, https:\/\/elektromoskocsi-betegagy.hu\/wp-content\/uploads\/2021\/01\/Felaktivosszecsukhatokerekesszek-400x300.jpg 400w, https:\/\/elektromoskocsi-betegagy.hu\/wp-content\/uploads\/2021\/01\/Felaktivosszecsukhatokerekesszek.jpg 480w\" sizes=\"(min-width: 2200px) 100vw, (min-width: 784px) 397px, (min-width: 712px) 595px, (min-width: 640px) 712px, \" \/><\/div><\/a><\/div><\/div><div style=\"padding:5px;\" class=\"fusion-grid-column fusion-gallery-column fusion-gallery-column-3 hover-type-zoomin fusion-element-grid\"><div class=\"fusion-gallery-image\"><a href=\"https:\/\/elektromoskocsi-betegagy.hu\/wp-content\/uploads\/2021\/01\/Felaktivosszecsukhatokerekesszek2.jpg\" data-title=\"NR33 F\u00e9lakt\u00edv kerekessz\u00e9k\" title=\"NR33 F\u00e9lakt\u00edv kerekessz\u00e9k\" data-caption=\"NR33 F\u00e9lakt\u00edv kerekessz\u00e9k\" rel=\"noreferrer\" data-rel=\"iLightbox[gallery_image_3]\" class=\"fusion-lightbox\" target=\"_self\"><div style=\"background-image:url(https:\/\/elektromoskocsi-betegagy.hu\/wp-content\/uploads\/2021\/01\/Felaktivosszecsukhatokerekesszek2.jpg);padding-top:calc((100% + 10px) * 0.8 - 5px);background-position:;\" class=\"fusion-masonry-element-container\"><img decoding=\"async\" src=\"https:\/\/elektromoskocsi-betegagy.hu\/wp-content\/uploads\/2021\/01\/Felaktivosszecsukhatokerekesszek2.jpg\" width=\"480\" height=\"360\" alt=\"\" title=\"NR33 F\u00e9lakt\u00edv kerekessz\u00e9k\" aria-label=\"NR33 F\u00e9lakt\u00edv kerekessz\u00e9k\" class=\"img-responsive wp-image-1449\" srcset=\"https:\/\/elektromoskocsi-betegagy.hu\/wp-content\/uploads\/2021\/01\/Felaktivosszecsukhatokerekesszek2-200x150.jpg 200w, https:\/\/elektromoskocsi-betegagy.hu\/wp-content\/uploads\/2021\/01\/Felaktivosszecsukhatokerekesszek2-400x300.jpg 400w, https:\/\/elektromoskocsi-betegagy.hu\/wp-content\/uploads\/2021\/01\/Felaktivosszecsukhatokerekesszek2.jpg 480w\" sizes=\"(min-width: 2200px) 100vw, (min-width: 784px) 397px, (min-width: 712px) 595px, (min-width: 640px) 712px, \" \/><\/div><\/a><\/div><\/div><div style=\"padding:5px;\" class=\"fusion-grid-column fusion-gallery-column fusion-gallery-column-3 hover-type-zoomin fusion-element-grid\"><div class=\"fusion-gallery-image\"><a href=\"https:\/\/elektromoskocsi-betegagy.hu\/wp-content\/uploads\/2021\/01\/Normalapolasitoloszekocsukhszetsz3.jpg\" data-title=\"NR33 F\u00e9lakt\u00edv kerekessz\u00e9k\" title=\"NR33 F\u00e9lakt\u00edv kerekessz\u00e9k\" data-caption=\"NR33 F\u00e9lakt\u00edv kerekessz\u00e9k\" rel=\"noreferrer\" data-rel=\"iLightbox[gallery_image_3]\" class=\"fusion-lightbox\" target=\"_self\"><div style=\"background-image:url(https:\/\/elektromoskocsi-betegagy.hu\/wp-content\/uploads\/2021\/01\/Normalapolasitoloszekocsukhszetsz3.jpg);padding-top:calc((100% + 10px) * 0.8 - 5px);background-position:;\" class=\"fusion-masonry-element-container\"><img decoding=\"async\" src=\"https:\/\/elektromoskocsi-betegagy.hu\/wp-content\/uploads\/2021\/01\/Normalapolasitoloszekocsukhszetsz3.jpg\" width=\"480\" height=\"360\" alt=\"\" title=\"NR33 F\u00e9lakt\u00edv kerekessz\u00e9k\" aria-label=\"NR33 F\u00e9lakt\u00edv kerekessz\u00e9k\" class=\"img-responsive wp-image-1464\" srcset=\"https:\/\/elektromoskocsi-betegagy.hu\/wp-content\/uploads\/2021\/01\/Normalapolasitoloszekocsukhszetsz3-200x150.jpg 200w, https:\/\/elektromoskocsi-betegagy.hu\/wp-content\/uploads\/2021\/01\/Normalapolasitoloszekocsukhszetsz3-400x300.jpg 400w, https:\/\/elektromoskocsi-betegagy.hu\/wp-content\/uploads\/2021\/01\/Normalapolasitoloszekocsukhszetsz3.jpg 480w\" sizes=\"(min-width: 2200px) 100vw, (min-width: 784px) 397px, (min-width: 712px) 595px, (min-width: 640px) 712px, \" \/><\/div><\/a><\/div><\/div><div style=\"padding:5px;\" class=\"fusion-grid-column fusion-gallery-column fusion-gallery-column-3 hover-type-zoomin fusion-element-grid\"><div class=\"fusion-gallery-image\"><a href=\"https:\/\/elektromoskocsi-betegagy.hu\/wp-content\/uploads\/2021\/01\/Normalapolasitoloszekocsukhszetsz4.jpg\" data-title=\"NR33 F\u00e9lakt\u00edv kerekessz\u00e9k\" title=\"NR33 F\u00e9lakt\u00edv kerekessz\u00e9k\" data-caption=\"NR33 F\u00e9lakt\u00edv kerekessz\u00e9k\" rel=\"noreferrer\" data-rel=\"iLightbox[gallery_image_3]\" class=\"fusion-lightbox\" target=\"_self\"><div style=\"background-image:url(https:\/\/elektromoskocsi-betegagy.hu\/wp-content\/uploads\/2021\/01\/Normalapolasitoloszekocsukhszetsz4.jpg);padding-top:calc((100% + 10px) * 0.8 - 5px);background-position:;\" class=\"fusion-masonry-element-container\"><img decoding=\"async\" src=\"https:\/\/elektromoskocsi-betegagy.hu\/wp-content\/uploads\/2021\/01\/Normalapolasitoloszekocsukhszetsz4.jpg\" width=\"480\" height=\"480\" alt=\"\" title=\"NR33 F\u00e9lakt\u00edv kerekessz\u00e9k\" aria-label=\"NR33 F\u00e9lakt\u00edv kerekessz\u00e9k\" class=\"img-responsive wp-image-1465\" srcset=\"https:\/\/elektromoskocsi-betegagy.hu\/wp-content\/uploads\/2021\/01\/Normalapolasitoloszekocsukhszetsz4-200x200.jpg 200w, https:\/\/elektromoskocsi-betegagy.hu\/wp-content\/uploads\/2021\/01\/Normalapolasitoloszekocsukhszetsz4-400x400.jpg 400w, https:\/\/elektromoskocsi-betegagy.hu\/wp-content\/uploads\/2021\/01\/Normalapolasitoloszekocsukhszetsz4.jpg 480w\" sizes=\"(min-width: 2200px) 100vw, (min-width: 784px) 397px, (min-width: 712px) 595px, (min-width: 640px) 712px, \" \/><\/div><\/a><\/div><\/div><div style=\"padding:5px;\" class=\"fusion-grid-column fusion-gallery-column fusion-gallery-column-3 hover-type-zoomin fusion-element-grid\"><div class=\"fusion-gallery-image\"><a href=\"https:\/\/elektromoskocsi-betegagy.hu\/wp-content\/uploads\/2021\/01\/Normalkerekesszek.jpg\" data-title=\"NR33 F\u00e9lakt\u00edv kerekessz\u00e9k\" title=\"NR33 F\u00e9lakt\u00edv kerekessz\u00e9k\" data-caption=\"NR33 F\u00e9lakt\u00edv kerekessz\u00e9k\" rel=\"noreferrer\" data-rel=\"iLightbox[gallery_image_3]\" class=\"fusion-lightbox\" target=\"_self\"><div style=\"background-image:url(https:\/\/elektromoskocsi-betegagy.hu\/wp-content\/uploads\/2021\/01\/Normalkerekesszek.jpg);padding-top:calc((100% + 10px) * 0.8 - 5px);background-position:;\" class=\"fusion-masonry-element-container\"><img decoding=\"async\" src=\"https:\/\/elektromoskocsi-betegagy.hu\/wp-content\/uploads\/2021\/01\/Normalkerekesszek.jpg\" width=\"456\" height=\"480\" alt=\"\" title=\"NR33 F\u00e9lakt\u00edv kerekessz\u00e9k\" aria-label=\"NR33 F\u00e9lakt\u00edv kerekessz\u00e9k\" class=\"img-responsive wp-image-1466\" srcset=\"https:\/\/elektromoskocsi-betegagy.hu\/wp-content\/uploads\/2021\/01\/Normalkerekesszek-200x211.jpg 200w, https:\/\/elektromoskocsi-betegagy.hu\/wp-content\/uploads\/2021\/01\/Normalkerekesszek-400x421.jpg 400w, https:\/\/elektromoskocsi-betegagy.hu\/wp-content\/uploads\/2021\/01\/Normalkerekesszek.jpg 456w\" sizes=\"(min-width: 2200px) 100vw, (min-width: 784px) 397px, (min-width: 712px) 595px, (min-width: 640px) 712px, \" \/><\/div><\/a><\/div><\/div><\/div><div class=\"fusion-separator fusion-full-width-sep\" style=\"align-self: center;margin-left: auto;margin-right: auto;margin-top:20px;width:100%;\"><\/div><\/div><style type=\"text\/css\">.fusion-body .fusion-builder-column-0{width:100% !important;margin-top : 0px;margin-bottom : 20px;}.fusion-builder-column-0 > .fusion-column-wrapper {padding-top : 40px !important;padding-right : 40px !important;margin-right : 2.56%;padding-bottom : 40px !important;padding-left : 40px !important;margin-left : 1.92%;}@media only screen and (max-width:1024px) {.fusion-body .fusion-builder-column-0{width:100% !important;}.fusion-builder-column-0 > .fusion-column-wrapper {margin-right : 2.56%;margin-left : 1.92%;}}@media only screen and (max-width:640px) {.fusion-body .fusion-builder-column-0{width:100% !important;}.fusion-builder-column-0 > .fusion-column-wrapper {margin-right : 1.92%;margin-left : 1.92%;}}<\/style><\/div><\/div><style type=\"text\/css\">.fusion-body .fusion-flex-container.fusion-builder-row-1{ padding-top : 60px;margin-top : 0px;padding-right : 0px;padding-bottom : 100px;margin-bottom : 0px;padding-left : 0px;}<\/style><\/div>\n","protected":false},"excerpt":{"rendered":"","protected":false},"author":1,"featured_media":1462,"menu_order":0,"comment_status":"closed","ping_status":"closed","template":"","format":"standard","meta":{"footnotes":""},"portfolio_category":[],"portfolio_skills":[62],"portfolio_tags":[],"class_list":["post-2607","avada_portfolio","type-avada_portfolio","status-publish","format-standard","has-post-thumbnail","hentry","portfolio_skills-ro"],"yoast_head":"<!-- This site is optimized with the Yoast SEO plugin v20.3 - https:\/\/yoast.com\/wordpress\/plugins\/seo\/ -->\n<title>Scaune cu rotile - Rehab Partner Alap\u00edtv\u00e1ny<\/title>\n<meta name=\"robots\" content=\"index, follow, max-snippet:-1, max-image-preview:large, max-video-preview:-1\" \/>\n<link rel=\"canonical\" href=\"https:\/\/elektromoskocsi-betegagy.hu\/de\/portfolio-items\/scaune-cu-rotile\/\" \/>\n<meta property=\"og:locale\" content=\"de_DE\" \/>\n<meta property=\"og:locale:alternate\" content=\"hu_HU\" \/>\n<meta property=\"og:locale:alternate\" content=\"en_US\" \/>\n<meta property=\"og:locale:alternate\" content=\"ro_RO\" \/>\n<meta property=\"og:type\" content=\"article\" \/>\n<meta property=\"og:title\" content=\"Scaune cu rotile - Rehab Partner Alap\u00edtv\u00e1ny\" \/>\n<meta property=\"og:url\" content=\"https:\/\/elektromoskocsi-betegagy.hu\/de\/portfolio-items\/scaune-cu-rotile\/\" \/>\n<meta property=\"og:site_name\" content=\"Rehab Partner Alap\u00edtv\u00e1ny\" \/>\n<meta property=\"article:modified_time\" content=\"2022-04-26T13:33:02+00:00\" \/>\n<meta property=\"og:image\" content=\"https:\/\/elektromoskocsi-betegagy.hu\/wp-content\/uploads\/2021\/01\/Normalapolasitoloszekocsukhszetsz-.jpg\" \/>\n\t<meta property=\"og:image:width\" content=\"450\" \/>\n\t<meta property=\"og:image:height\" content=\"480\" \/>\n\t<meta property=\"og:image:type\" content=\"image\/jpeg\" \/>\n<meta name=\"twitter:card\" content=\"summary_large_image\" \/>\n<meta name=\"twitter:label1\" content=\"Gesch\u00e4tzte Lesezeit\" \/>\n\t<meta name=\"twitter:data1\" content=\"2\u00a0Minuten\" \/>\n<script type=\"application\/ld+json\" class=\"yoast-schema-graph\">{\"@context\":\"https:\/\/schema.org\",\"@graph\":[{\"@type\":\"WebPage\",\"@id\":\"https:\/\/elektromoskocsi-betegagy.hu\/de\/portfolio-items\/scaune-cu-rotile\/\",\"url\":\"https:\/\/elektromoskocsi-betegagy.hu\/de\/portfolio-items\/scaune-cu-rotile\/\",\"name\":\"Scaune cu rotile - Rehab Partner Alap\u00edtv\u00e1ny\",\"isPartOf\":{\"@id\":\"https:\/\/elektromoskocsi-betegagy.hu\/hu\/#website\"},\"datePublished\":\"2022-04-26T12:20:40+00:00\",\"dateModified\":\"2022-04-26T13:33:02+00:00\",\"breadcrumb\":{\"@id\":\"https:\/\/elektromoskocsi-betegagy.hu\/de\/portfolio-items\/scaune-cu-rotile\/#breadcrumb\"},\"inLanguage\":\"de-DE\",\"potentialAction\":[{\"@type\":\"ReadAction\",\"target\":[\"https:\/\/elektromoskocsi-betegagy.hu\/de\/portfolio-items\/scaune-cu-rotile\/\"]}]},{\"@type\":\"BreadcrumbList\",\"@id\":\"https:\/\/elektromoskocsi-betegagy.hu\/de\/portfolio-items\/scaune-cu-rotile\/#breadcrumb\",\"itemListElement\":[{\"@type\":\"ListItem\",\"position\":1,\"name\":\"Kezd\u0151lap\",\"item\":\"https:\/\/elektromoskocsi-betegagy.hu\/hu\/\"},{\"@type\":\"ListItem\",\"position\":2,\"name\":\"Portfolio\",\"item\":\"https:\/\/elektromoskocsi-betegagy.hu\/hu\/portfolio-items\/\"},{\"@type\":\"ListItem\",\"position\":3,\"name\":\"Scaune cu rotile\"}]},{\"@type\":\"WebSite\",\"@id\":\"https:\/\/elektromoskocsi-betegagy.hu\/hu\/#website\",\"url\":\"https:\/\/elektromoskocsi-betegagy.hu\/hu\/\",\"name\":\"Rehab Partner Alap\u00edtv\u00e1ny\",\"description\":\"K\u00f3rh\u00e1zi \u00e9s gy\u00f3gy\u00e1szati eszk\u00f6z\u00f6k norv\u00e9g nagy rakt\u00e1ra\",\"potentialAction\":[{\"@type\":\"SearchAction\",\"target\":{\"@type\":\"EntryPoint\",\"urlTemplate\":\"https:\/\/elektromoskocsi-betegagy.hu\/hu\/?s={search_term_string}\"},\"query-input\":\"required name=search_term_string\"}],\"inLanguage\":\"de-DE\"}]}<\/script>\n<!-- \/ Yoast SEO plugin. -->","yoast_head_json":{"title":"Scaune cu rotile - Rehab Partner Alap\u00edtv\u00e1ny","robots":{"index":"index","follow":"follow","max-snippet":"max-snippet:-1","max-image-preview":"max-image-preview:large","max-video-preview":"max-video-preview:-1"},"canonical":"https:\/\/elektromoskocsi-betegagy.hu\/de\/portfolio-items\/scaune-cu-rotile\/","og_locale":"de_DE","og_type":"article","og_title":"Scaune cu rotile - Rehab Partner Alap\u00edtv\u00e1ny","og_url":"https:\/\/elektromoskocsi-betegagy.hu\/de\/portfolio-items\/scaune-cu-rotile\/","og_site_name":"Rehab Partner Alap\u00edtv\u00e1ny","article_modified_time":"2022-04-26T13:33:02+00:00","og_image":[{"width":450,"height":480,"url":"https:\/\/elektromoskocsi-betegagy.hu\/wp-content\/uploads\/2021\/01\/Normalapolasitoloszekocsukhszetsz-.jpg","type":"image\/jpeg"}],"twitter_card":"summary_large_image","twitter_misc":{"Gesch\u00e4tzte Lesezeit":"2\u00a0Minuten"},"schema":{"@context":"https:\/\/schema.org","@graph":[{"@type":"WebPage","@id":"https:\/\/elektromoskocsi-betegagy.hu\/de\/portfolio-items\/scaune-cu-rotile\/","url":"https:\/\/elektromoskocsi-betegagy.hu\/de\/portfolio-items\/scaune-cu-rotile\/","name":"Scaune cu rotile - Rehab Partner Alap\u00edtv\u00e1ny","isPartOf":{"@id":"https:\/\/elektromoskocsi-betegagy.hu\/hu\/#website"},"datePublished":"2022-04-26T12:20:40+00:00","dateModified":"2022-04-26T13:33:02+00:00","breadcrumb":{"@id":"https:\/\/elektromoskocsi-betegagy.hu\/de\/portfolio-items\/scaune-cu-rotile\/#breadcrumb"},"inLanguage":"de-DE","potentialAction":[{"@type":"ReadAction","target":["https:\/\/elektromoskocsi-betegagy.hu\/de\/portfolio-items\/scaune-cu-rotile\/"]}]},{"@type":"BreadcrumbList","@id":"https:\/\/elektromoskocsi-betegagy.hu\/de\/portfolio-items\/scaune-cu-rotile\/#breadcrumb","itemListElement":[{"@type":"ListItem","position":1,"name":"Kezd\u0151lap","item":"https:\/\/elektromoskocsi-betegagy.hu\/hu\/"},{"@type":"ListItem","position":2,"name":"Portfolio","item":"https:\/\/elektromoskocsi-betegagy.hu\/hu\/portfolio-items\/"},{"@type":"ListItem","position":3,"name":"Scaune cu rotile"}]},{"@type":"WebSite","@id":"https:\/\/elektromoskocsi-betegagy.hu\/hu\/#website","url":"https:\/\/elektromoskocsi-betegagy.hu\/hu\/","name":"Rehab Partner Alap\u00edtv\u00e1ny","description":"K\u00f3rh\u00e1zi \u00e9s gy\u00f3gy\u00e1szati eszk\u00f6z\u00f6k norv\u00e9g nagy rakt\u00e1ra","potentialAction":[{"@type":"SearchAction","target":{"@type":"EntryPoint","urlTemplate":"https:\/\/elektromoskocsi-betegagy.hu\/hu\/?s={search_term_string}"},"query-input":"required name=search_term_string"}],"inLanguage":"de-DE"}]}},"_links":{"self":[{"href":"https:\/\/elektromoskocsi-betegagy.hu\/de\/wp-json\/wp\/v2\/avada_portfolio\/2607"}],"collection":[{"href":"https:\/\/elektromoskocsi-betegagy.hu\/de\/wp-json\/wp\/v2\/avada_portfolio"}],"about":[{"href":"https:\/\/elektromoskocsi-betegagy.hu\/de\/wp-json\/wp\/v2\/types\/avada_portfolio"}],"author":[{"embeddable":true,"href":"https:\/\/elektromoskocsi-betegagy.hu\/de\/wp-json\/wp\/v2\/users\/1"}],"replies":[{"embeddable":true,"href":"https:\/\/elektromoskocsi-betegagy.hu\/de\/wp-json\/wp\/v2\/comments?post=2607"}],"version-history":[{"count":2,"href":"https:\/\/elektromoskocsi-betegagy.hu\/de\/wp-json\/wp\/v2\/avada_portfolio\/2607\/revisions"}],"predecessor-version":[{"id":2663,"href":"https:\/\/elektromoskocsi-betegagy.hu\/de\/wp-json\/wp\/v2\/avada_portfolio\/2607\/revisions\/2663"}],"wp:featuredmedia":[{"embeddable":true,"href":"https:\/\/elektromoskocsi-betegagy.hu\/de\/wp-json\/wp\/v2\/media\/1462"}],"wp:attachment":[{"href":"https:\/\/elektromoskocsi-betegagy.hu\/de\/wp-json\/wp\/v2\/media?parent=2607"}],"wp:term":[{"taxonomy":"portfolio_category","embeddable":true,"href":"https:\/\/elektromoskocsi-betegagy.hu\/de\/wp-json\/wp\/v2\/portfolio_category?post=2607"},{"taxonomy":"portfolio_skills","embeddable":true,"href":"https:\/\/elektromoskocsi-betegagy.hu\/de\/wp-json\/wp\/v2\/portfolio_skills?post=2607"},{"taxonomy":"portfolio_tags","embeddable":true,"href":"https:\/\/elektromoskocsi-betegagy.hu\/de\/wp-json\/wp\/v2\/portfolio_tags?post=2607"}],"curies":[{"name":"wp","href":"https:\/\/api.w.org\/{rel}","templated":true}]}}