{"id":1553,"date":"2021-01-29T15:24:08","date_gmt":"2021-01-29T15:24:08","guid":{"rendered":"http:\/\/elektromoskocsi-betegagy.hu\/?post_type=avada_portfolio&#038;p=1553"},"modified":"2022-04-27T08:21:14","modified_gmt":"2022-04-27T08:21:14","slug":"specialis-kerekparok","status":"publish","type":"avada_portfolio","link":"https:\/\/elektromoskocsi-betegagy.hu\/ro\/portfolio-items\/specialis-kerekparok\/","title":{"rendered":"Speci\u00e1lis ker\u00e9kp\u00e1rok"},"content":{"rendered":"<div class=\"fusion-fullwidth fullwidth-box fusion-builder-row-1 fusion-flex-container nonhundred-percent-fullwidth non-hundred-percent-height-scrolling\" style=\"background-color: rgba(255,255,255,0);background-position: left top;background-repeat: no-repeat;border-width: 0px 0px 0px 0px;border-color:#e2e2e2;border-style:solid;\" ><div class=\"fusion-builder-row fusion-row fusion-flex-align-items-stretch\" style=\"max-width:1248px;margin-left: calc(-4% \/ 2 );margin-right: calc(-4% \/ 2 );\"><div class=\"fusion-layout-column fusion_builder_column fusion-builder-column-0 fusion_builder_column_1_1 1_1 fusion-flex-column\"><div class=\"fusion-column-wrapper fusion-flex-justify-content-flex-start fusion-content-layout-column\" style=\"background-position:left top;background-repeat:no-repeat;-webkit-background-size:cover;-moz-background-size:cover;-o-background-size:cover;background-size:cover;background-color:#ffffff;border-width: 1px 1px 1px 1px;border-color:#dddddd;border-style:solid;padding: 40px 40px 40px 40px;\"><div class=\"fusion-text fusion-text-1\"><h2>Speci\u00e1lis ker\u00e9kp\u00e1rok<\/h2>\n<\/div><style type=\"text\/css\">@media only screen and (max-width:1024px) {.fusion-title.fusion-title-1{margin-top:10px!important; margin-right:0px!important;margin-bottom:30px!important;margin-left:0px!important;}}@media only screen and (max-width:640px) {.fusion-title.fusion-title-1{margin-top:10px!important; margin-right:0px!important;margin-bottom:10px!important; margin-left:0px!important;}}<\/style><div class=\"fusion-title title fusion-title-1 fusion-title-text fusion-title-size-three\" style=\"margin-top:10px;margin-right:0px;margin-bottom:30px;margin-left:0px;\"><div class=\"title-sep-container title-sep-container-left fusion-no-large-visibility fusion-no-medium-visibility fusion-no-small-visibility\"><div class=\"title-sep sep-double sep-solid\" style=\"border-color:#e2e2e2;\"><\/div><\/div><span class=\"awb-title-spacer fusion-no-large-visibility fusion-no-medium-visibility fusion-no-small-visibility\"><\/span><h3 class=\"title-heading-left\" style=\"font-family:&quot;Source Sans Pro&quot;;font-weight:400;margin:0;\"><\/h3><span class=\"awb-title-spacer\"><\/span><div class=\"title-sep-container title-sep-container-right\"><div class=\"title-sep sep-double sep-solid\" style=\"border-color:#e2e2e2;\"><\/div><\/div><\/div><div class=\"fusion-text fusion-text-2\"><div>Sz\u00fcks\u00e9g eset\u00e9n h\u00e1zhoz sz\u00e1ll\u00edt\u00e1s megoldhat\u00f3. Ig\u00e9nyesek vagyunk eszk\u00f6zeink, term\u00e9keink min\u0151s\u00e9g\u00e9re, \u00e9s Partnereink sz\u00fcks\u00e9glete, ig\u00e9nye szerinti kiszolg\u00e1l\u00e1s\u00e1ra. Rakt\u00e1rainkban az \u00e1pol\u00e1st, gondoz\u00e1st seg\u00edt\u0151 eszk\u00f6z\u00f6k Eur\u00f3pai Uni\u00f3s orsz\u00e1gokb\u00f3l sz\u00e1rmaz\u00f3 sz\u00e9les v\u00e1laszt\u00e9ka folyamatosan megtal\u00e1lhat\u00f3.<\/div>\n<\/div><ul class=\"fusion-checklist fusion-checklist-1\" style=\"font-size:17px;line-height:28.9px;\"><li style=\"background-color:rgba(255,255,255,0);\" class=\"fusion-li-item\"><span style=\"background-color:#67b7e1;font-size:14.96px;height:28.9px;width:28.9px;margin-right:11.9px;\" class=\"icon-wrapper circle-yes\"><i class=\"fusion-li-icon fa-check fas\" style=\"color:#ffffff;\" aria-hidden=\"true\"><\/i><\/span><div class=\"fusion-li-item-content\" style=\"margin-left:40.8px;color:#4a4e57;\">\n<p>Egyszem\u00e9lyes ker\u00e9kp\u00e1rok.<\/p>\n<\/div><\/li><li style=\"background-color:rgba(255,255,255,0);\" class=\"fusion-li-item\"><span style=\"background-color:#67b7e1;font-size:14.96px;height:28.9px;width:28.9px;margin-right:11.9px;\" class=\"icon-wrapper circle-yes\"><i class=\"fusion-li-icon fa-check fas\" style=\"color:#ffffff;\" aria-hidden=\"true\"><\/i><\/span><div class=\"fusion-li-item-content\" style=\"margin-left:40.8px;color:#4a4e57;\">\n<p>Tandem ker\u00e9kp\u00e1rok.<\/p>\n<\/div><\/li><li style=\"background-color:rgba(255,255,255,0);\" class=\"fusion-li-item\"><span style=\"background-color:#67b7e1;font-size:14.96px;height:28.9px;width:28.9px;margin-right:11.9px;\" class=\"icon-wrapper circle-yes\"><i class=\"fusion-li-icon fa-check fas\" style=\"color:#ffffff;\" aria-hidden=\"true\"><\/i><\/span><div class=\"fusion-li-item-content\" style=\"margin-left:40.8px;color:#4a4e57;\">\n<p>Gyerek ker\u00e9kp\u00e1rok.<\/p>\n<\/div><\/li><li style=\"background-color:rgba(255,255,255,0);\" class=\"fusion-li-item\"><span style=\"background-color:#67b7e1;font-size:14.96px;height:28.9px;width:28.9px;margin-right:11.9px;\" class=\"icon-wrapper circle-yes\"><i class=\"fusion-li-icon fa-check fas\" style=\"color:#ffffff;\" aria-hidden=\"true\"><\/i><\/span><div class=\"fusion-li-item-content\" style=\"margin-left:40.8px;color:#4a4e57;\">\n<p>Speci\u00e1lis ker\u00e9kp\u00e1rok.<\/p>\n<\/div><\/li><li style=\"background-color:rgba(255,255,255,0);\" class=\"fusion-li-item\"><span style=\"background-color:#67b7e1;font-size:14.96px;height:28.9px;width:28.9px;margin-right:11.9px;\" class=\"icon-wrapper circle-yes\"><i class=\"fusion-li-icon fa-check fas\" style=\"color:#ffffff;\" aria-hidden=\"true\"><\/i><\/span><div class=\"fusion-li-item-content\" style=\"margin-left:40.8px;color:#4a4e57;\">\n<p>H\u00e1romkerek\u0171 ker\u00e9kp\u00e1rok.<\/p>\n<\/div><\/li><\/ul><div class=\"fusion-separator fusion-full-width-sep\" style=\"align-self: center;margin-left: auto;margin-right: auto;margin-top:20px;width:100%;\"><\/div><div class=\"fusion-text fusion-text-3\"><p>Budapesti rakt\u00e1r k\u00e9szlet, Barta Zsolt tel.:+36 30 635 51 25<\/p>\n<\/div><style type=\"text\/css\">.fusion-gallery-1 .fusion-gallery-image {border:0px solid #e2e2e2;}<\/style><div class=\"fusion-gallery fusion-gallery-container fusion-grid-3 fusion-columns-total-5 fusion-gallery-layout-masonry fusion-gallery-1\" style=\"margin:-5px;\"><div class=\"fusion-grid-column fusion-gallery-column fusion-gallery-column-3 hover-type-zoomin fusion-grid-sizer\"><\/div><div style=\"padding:5px;\" class=\"fusion-grid-column fusion-gallery-column fusion-gallery-column-3 hover-type-zoomin fusion-element-grid\"><div class=\"fusion-gallery-image\"><a href=\"https:\/\/elektromoskocsi-betegagy.hu\/wp-content\/uploads\/2021\/01\/Betegszallitotricikli.jpg\" data-title=\"Riksa jelleg\u0171 tricikli\" title=\"Riksa jelleg\u0171 tricikli\" data-caption=\"Riksa jelleg\u0171 tricikli\" rel=\"noreferrer\" data-rel=\"iLightbox[gallery_image_1]\" class=\"fusion-lightbox\" target=\"_self\"><div style=\"background-image:url(https:\/\/elektromoskocsi-betegagy.hu\/wp-content\/uploads\/2021\/01\/Betegszallitotricikli.jpg);padding-top:calc((100% + 10px) * 0.8 - 5px);background-position:;\" class=\"fusion-masonry-element-container\"><img decoding=\"async\" src=\"https:\/\/elektromoskocsi-betegagy.hu\/wp-content\/uploads\/2021\/01\/Betegszallitotricikli.jpg\" width=\"480\" height=\"360\" alt=\"\" title=\"Riksa jelleg\u0171 tricikli\" aria-label=\"Riksa jelleg\u0171 tricikli\" class=\"img-responsive wp-image-1618\" srcset=\"https:\/\/elektromoskocsi-betegagy.hu\/wp-content\/uploads\/2021\/01\/Betegszallitotricikli-200x150.jpg 200w, https:\/\/elektromoskocsi-betegagy.hu\/wp-content\/uploads\/2021\/01\/Betegszallitotricikli-400x300.jpg 400w, https:\/\/elektromoskocsi-betegagy.hu\/wp-content\/uploads\/2021\/01\/Betegszallitotricikli.jpg 480w\" sizes=\"(min-width: 2200px) 100vw, (min-width: 784px) 397px, (min-width: 712px) 595px, (min-width: 640px) 712px, \" \/><\/div><\/a><\/div><\/div><div style=\"padding:5px;\" class=\"fusion-grid-column fusion-gallery-column fusion-gallery-column-3 hover-type-zoomin fusion-element-landscape\"><div class=\"fusion-gallery-image\"><a href=\"https:\/\/elektromoskocsi-betegagy.hu\/wp-content\/uploads\/2021\/02\/2-Krabat-Riksa-mechanikus-190.000-.jpg\" data-title=\"Krabat Riksa mechanikus tricikli\" title=\"Krabat Riksa mechanikus tricikli\" data-caption=\"Krabat Riksa mechanikus tricikli \" rel=\"noreferrer\" data-rel=\"iLightbox[gallery_image_1]\" class=\"fusion-lightbox\" target=\"_self\"><div style=\"background-image:url(https:\/\/elektromoskocsi-betegagy.hu\/wp-content\/uploads\/2021\/02\/2-Krabat-Riksa-mechanikus-190.000-.jpg);padding-top:calc((100% + 10px) * 0.4 - 5px);background-position:;\" class=\"fusion-masonry-element-container\"><img decoding=\"async\" src=\"https:\/\/elektromoskocsi-betegagy.hu\/wp-content\/uploads\/2021\/02\/2-Krabat-Riksa-mechanikus-190.000-.jpg\" width=\"960\" height=\"563\" alt=\"\" title=\"Krabat Riksa mechanikus tricikli\" aria-label=\"Krabat Riksa mechanikus tricikli\" class=\"img-responsive wp-image-2118\" srcset=\"https:\/\/elektromoskocsi-betegagy.hu\/wp-content\/uploads\/2021\/02\/2-Krabat-Riksa-mechanikus-190.000--200x117.jpg 200w, https:\/\/elektromoskocsi-betegagy.hu\/wp-content\/uploads\/2021\/02\/2-Krabat-Riksa-mechanikus-190.000--400x235.jpg 400w, https:\/\/elektromoskocsi-betegagy.hu\/wp-content\/uploads\/2021\/02\/2-Krabat-Riksa-mechanikus-190.000--600x352.jpg 600w, https:\/\/elektromoskocsi-betegagy.hu\/wp-content\/uploads\/2021\/02\/2-Krabat-Riksa-mechanikus-190.000--800x469.jpg 800w, https:\/\/elektromoskocsi-betegagy.hu\/wp-content\/uploads\/2021\/02\/2-Krabat-Riksa-mechanikus-190.000-.jpg 960w\" sizes=\"(min-width: 2200px) 100vw, (min-width: 640px) 1200px, \" \/><\/div><\/a><\/div><\/div><div style=\"padding:5px;\" class=\"fusion-grid-column fusion-gallery-column fusion-gallery-column-3 hover-type-zoomin fusion-element-landscape\"><div class=\"fusion-gallery-image\"><a href=\"https:\/\/elektromoskocsi-betegagy.hu\/wp-content\/uploads\/2021\/02\/1-Krabat-Riksa-mechanikus-190.000-.jpg\" data-title=\"Krabat Riksa mechanikus tricikli\" title=\"Krabat Riksa mechanikus tricikli\" data-caption=\"Krabat Riksa mechanikus tricikli \" rel=\"noreferrer\" data-rel=\"iLightbox[gallery_image_1]\" class=\"fusion-lightbox\" target=\"_self\"><div style=\"background-image:url(https:\/\/elektromoskocsi-betegagy.hu\/wp-content\/uploads\/2021\/02\/1-Krabat-Riksa-mechanikus-190.000-.jpg);padding-top:calc((100% + 10px) * 0.4 - 5px);background-position:;\" class=\"fusion-masonry-element-container\"><img decoding=\"async\" src=\"https:\/\/elektromoskocsi-betegagy.hu\/wp-content\/uploads\/2021\/02\/1-Krabat-Riksa-mechanikus-190.000-.jpg\" width=\"960\" height=\"561\" alt=\"\" title=\"Krabat Riksa mechanikus tricikli\" aria-label=\"Krabat Riksa mechanikus tricikli\" class=\"img-responsive wp-image-2117\" srcset=\"https:\/\/elektromoskocsi-betegagy.hu\/wp-content\/uploads\/2021\/02\/1-Krabat-Riksa-mechanikus-190.000--200x117.jpg 200w, https:\/\/elektromoskocsi-betegagy.hu\/wp-content\/uploads\/2021\/02\/1-Krabat-Riksa-mechanikus-190.000--400x234.jpg 400w, https:\/\/elektromoskocsi-betegagy.hu\/wp-content\/uploads\/2021\/02\/1-Krabat-Riksa-mechanikus-190.000--600x351.jpg 600w, https:\/\/elektromoskocsi-betegagy.hu\/wp-content\/uploads\/2021\/02\/1-Krabat-Riksa-mechanikus-190.000--800x468.jpg 800w, https:\/\/elektromoskocsi-betegagy.hu\/wp-content\/uploads\/2021\/02\/1-Krabat-Riksa-mechanikus-190.000-.jpg 960w\" sizes=\"(min-width: 2200px) 100vw, (min-width: 640px) 1200px, \" \/><\/div><\/a><\/div><\/div><div style=\"padding:5px;\" class=\"fusion-grid-column fusion-gallery-column fusion-gallery-column-3 hover-type-zoomin fusion-element-grid\"><div class=\"fusion-gallery-image\"><a href=\"https:\/\/elektromoskocsi-betegagy.hu\/wp-content\/uploads\/2021\/02\/1-Riksa-jellegu-tricikli-elektromos-240.000-.jpg\" data-title=\"Riksa jelleg\u0171 tricikli elektromos\" title=\"Riksa jelleg\u0171 tricikli elektromos\" data-caption=\"Riksa jelleg\u0171 tricikli elektromos \" rel=\"noreferrer\" data-rel=\"iLightbox[gallery_image_1]\" class=\"fusion-lightbox\" target=\"_self\"><div style=\"background-image:url(https:\/\/elektromoskocsi-betegagy.hu\/wp-content\/uploads\/2021\/02\/1-Riksa-jellegu-tricikli-elektromos-240.000-.jpg);padding-top:calc((100% + 10px) * 0.8 - 5px);background-position:;\" class=\"fusion-masonry-element-container\"><img decoding=\"async\" src=\"https:\/\/elektromoskocsi-betegagy.hu\/wp-content\/uploads\/2021\/02\/1-Riksa-jellegu-tricikli-elektromos-240.000-.jpg\" width=\"960\" height=\"772\" alt=\"\" title=\"Riksa jelleg\u0171 tricikli elektromos\" aria-label=\"Riksa jelleg\u0171 tricikli elektromos\" class=\"img-responsive wp-image-2116\" srcset=\"https:\/\/elektromoskocsi-betegagy.hu\/wp-content\/uploads\/2021\/02\/1-Riksa-jellegu-tricikli-elektromos-240.000--200x161.jpg 200w, https:\/\/elektromoskocsi-betegagy.hu\/wp-content\/uploads\/2021\/02\/1-Riksa-jellegu-tricikli-elektromos-240.000--400x322.jpg 400w, https:\/\/elektromoskocsi-betegagy.hu\/wp-content\/uploads\/2021\/02\/1-Riksa-jellegu-tricikli-elektromos-240.000--600x483.jpg 600w, https:\/\/elektromoskocsi-betegagy.hu\/wp-content\/uploads\/2021\/02\/1-Riksa-jellegu-tricikli-elektromos-240.000--800x643.jpg 800w, https:\/\/elektromoskocsi-betegagy.hu\/wp-content\/uploads\/2021\/02\/1-Riksa-jellegu-tricikli-elektromos-240.000-.jpg 960w\" sizes=\"(min-width: 2200px) 100vw, (min-width: 784px) 397px, (min-width: 712px) 595px, (min-width: 640px) 712px, \" \/><\/div><\/a><\/div><\/div><div style=\"padding:5px;\" class=\"fusion-grid-column fusion-gallery-column fusion-gallery-column-3 hover-type-zoomin fusion-element-landscape fusion-element-portrait\"><div class=\"fusion-gallery-image\"><a href=\"https:\/\/elektromoskocsi-betegagy.hu\/wp-content\/uploads\/2021\/02\/1-Runner-120.000--scaled.jpg\" data-title=\"Runner\" title=\"Runner\" data-caption=\"Runner \" rel=\"noreferrer\" data-rel=\"iLightbox[gallery_image_1]\" class=\"fusion-lightbox\" target=\"_self\"><div style=\"background-image:url(https:\/\/elektromoskocsi-betegagy.hu\/wp-content\/uploads\/2021\/02\/1-Runner-120.000--scaled.jpg);padding-top:calc((100% + 10px) * 0.8);background-position:;\" class=\"fusion-masonry-element-container\"><img decoding=\"async\" src=\"https:\/\/elektromoskocsi-betegagy.hu\/wp-content\/uploads\/2021\/02\/1-Runner-120.000--scaled.jpg\" width=\"2560\" height=\"2403\" alt=\"\" title=\"Runner\" aria-label=\"Runner\" class=\"img-responsive wp-image-2137\" srcset=\"https:\/\/elektromoskocsi-betegagy.hu\/wp-content\/uploads\/2021\/02\/1-Runner-120.000--200x188.jpg 200w, https:\/\/elektromoskocsi-betegagy.hu\/wp-content\/uploads\/2021\/02\/1-Runner-120.000--400x375.jpg 400w, https:\/\/elektromoskocsi-betegagy.hu\/wp-content\/uploads\/2021\/02\/1-Runner-120.000--600x563.jpg 600w, https:\/\/elektromoskocsi-betegagy.hu\/wp-content\/uploads\/2021\/02\/1-Runner-120.000--800x751.jpg 800w, https:\/\/elektromoskocsi-betegagy.hu\/wp-content\/uploads\/2021\/02\/1-Runner-120.000--1200x1126.jpg 1200w, https:\/\/elektromoskocsi-betegagy.hu\/wp-content\/uploads\/2021\/02\/1-Runner-120.000--scaled.jpg 2560w\" sizes=\"(min-width: 2200px) 100vw, (min-width: 640px) 1200px, \" \/><\/div><\/a><\/div><\/div><\/div><div class=\"fusion-separator fusion-full-width-sep\" style=\"align-self: center;margin-left: auto;margin-right: auto;margin-top:20px;width:100%;\"><\/div><\/div><style type=\"text\/css\">.fusion-body .fusion-builder-column-0{width:100% !important;margin-top : 0px;margin-bottom : 20px;}.fusion-builder-column-0 > .fusion-column-wrapper {padding-top : 40px !important;padding-right : 40px !important;margin-right : 2.56%;padding-bottom : 40px !important;padding-left : 40px !important;margin-left : 1.92%;}@media only screen and (max-width:1024px) {.fusion-body .fusion-builder-column-0{width:100% !important;}.fusion-builder-column-0 > .fusion-column-wrapper {margin-right : 2.56%;margin-left : 1.92%;}}@media only screen and (max-width:640px) {.fusion-body .fusion-builder-column-0{width:100% !important;}.fusion-builder-column-0 > .fusion-column-wrapper {margin-right : 1.92%;margin-left : 1.92%;}}<\/style><\/div><\/div><style type=\"text\/css\">.fusion-body .fusion-flex-container.fusion-builder-row-1{ padding-top : 60px;margin-top : 0px;padding-right : 0px;padding-bottom : 100px;margin-bottom : 0px;padding-left : 0px;}<\/style><\/div>\n","protected":false},"excerpt":{"rendered":"","protected":false},"author":6,"featured_media":1557,"menu_order":0,"comment_status":"closed","ping_status":"closed","template":"","format":"standard","meta":{"footnotes":""},"portfolio_category":[],"portfolio_skills":[58],"portfolio_tags":[],"class_list":["post-1553","avada_portfolio","type-avada_portfolio","status-publish","format-standard","has-post-thumbnail","hentry","portfolio_skills-hu"],"yoast_head":"<!-- This site is optimized with the Yoast SEO plugin v20.3 - https:\/\/yoast.com\/wordpress\/plugins\/seo\/ -->\n<title>Speci\u00e1lis ker\u00e9kp\u00e1rok - Rehab Partner Alap\u00edtv\u00e1ny<\/title>\n<meta name=\"robots\" content=\"index, follow, max-snippet:-1, max-image-preview:large, max-video-preview:-1\" \/>\n<link rel=\"canonical\" href=\"https:\/\/elektromoskocsi-betegagy.hu\/ro\/portfolio-items\/specialis-kerekparok\/\" \/>\n<meta property=\"og:locale\" content=\"ro_RO\" \/>\n<meta property=\"og:locale:alternate\" content=\"hu_HU\" \/>\n<meta property=\"og:locale:alternate\" content=\"en_US\" \/>\n<meta property=\"og:locale:alternate\" content=\"de_DE\" \/>\n<meta property=\"og:type\" content=\"article\" \/>\n<meta property=\"og:title\" content=\"Speci\u00e1lis ker\u00e9kp\u00e1rok - Rehab Partner Alap\u00edtv\u00e1ny\" \/>\n<meta property=\"og:url\" content=\"https:\/\/elektromoskocsi-betegagy.hu\/ro\/portfolio-items\/specialis-kerekparok\/\" \/>\n<meta property=\"og:site_name\" content=\"Rehab Partner Alap\u00edtv\u00e1ny\" \/>\n<meta property=\"article:modified_time\" content=\"2022-04-27T08:21:14+00:00\" \/>\n<meta property=\"og:image\" content=\"https:\/\/elektromoskocsi-betegagy.hu\/wp-content\/uploads\/2021\/01\/Haromkerekutricikli.jpg\" \/>\n\t<meta property=\"og:image:width\" content=\"480\" \/>\n\t<meta property=\"og:image:height\" content=\"360\" \/>\n\t<meta property=\"og:image:type\" content=\"image\/jpeg\" \/>\n<meta name=\"twitter:card\" content=\"summary_large_image\" \/>\n<meta name=\"twitter:label1\" content=\"Timp estimat pentru citire\" \/>\n\t<meta name=\"twitter:data1\" content=\"4 minute\" \/>\n<script type=\"application\/ld+json\" class=\"yoast-schema-graph\">{\"@context\":\"https:\/\/schema.org\",\"@graph\":[{\"@type\":\"WebPage\",\"@id\":\"https:\/\/elektromoskocsi-betegagy.hu\/hu\/portfolio-items\/specialis-kerekparok\/\",\"url\":\"https:\/\/elektromoskocsi-betegagy.hu\/hu\/portfolio-items\/specialis-kerekparok\/\",\"name\":\"Speci\u00e1lis ker\u00e9kp\u00e1rok - Rehab Partner Alap\u00edtv\u00e1ny\",\"isPartOf\":{\"@id\":\"https:\/\/elektromoskocsi-betegagy.hu\/hu\/#website\"},\"datePublished\":\"2021-01-29T15:24:08+00:00\",\"dateModified\":\"2022-04-27T08:21:14+00:00\",\"breadcrumb\":{\"@id\":\"https:\/\/elektromoskocsi-betegagy.hu\/hu\/portfolio-items\/specialis-kerekparok\/#breadcrumb\"},\"inLanguage\":\"ro-RO\",\"potentialAction\":[{\"@type\":\"ReadAction\",\"target\":[\"https:\/\/elektromoskocsi-betegagy.hu\/hu\/portfolio-items\/specialis-kerekparok\/\"]}]},{\"@type\":\"BreadcrumbList\",\"@id\":\"https:\/\/elektromoskocsi-betegagy.hu\/hu\/portfolio-items\/specialis-kerekparok\/#breadcrumb\",\"itemListElement\":[{\"@type\":\"ListItem\",\"position\":1,\"name\":\"Kezd\u0151lap\",\"item\":\"https:\/\/elektromoskocsi-betegagy.hu\/hu\/\"},{\"@type\":\"ListItem\",\"position\":2,\"name\":\"Portfolio\",\"item\":\"https:\/\/elektromoskocsi-betegagy.hu\/hu\/portfolio-items\/\"},{\"@type\":\"ListItem\",\"position\":3,\"name\":\"Speci\u00e1lis ker\u00e9kp\u00e1rok\"}]},{\"@type\":\"WebSite\",\"@id\":\"https:\/\/elektromoskocsi-betegagy.hu\/hu\/#website\",\"url\":\"https:\/\/elektromoskocsi-betegagy.hu\/hu\/\",\"name\":\"Rehab Partner Alap\u00edtv\u00e1ny\",\"description\":\"K\u00f3rh\u00e1zi \u00e9s gy\u00f3gy\u00e1szati eszk\u00f6z\u00f6k norv\u00e9g nagy rakt\u00e1ra\",\"potentialAction\":[{\"@type\":\"SearchAction\",\"target\":{\"@type\":\"EntryPoint\",\"urlTemplate\":\"https:\/\/elektromoskocsi-betegagy.hu\/hu\/?s={search_term_string}\"},\"query-input\":\"required name=search_term_string\"}],\"inLanguage\":\"ro-RO\"}]}<\/script>\n<!-- \/ Yoast SEO plugin. -->","yoast_head_json":{"title":"Speci\u00e1lis ker\u00e9kp\u00e1rok - Rehab Partner Alap\u00edtv\u00e1ny","robots":{"index":"index","follow":"follow","max-snippet":"max-snippet:-1","max-image-preview":"max-image-preview:large","max-video-preview":"max-video-preview:-1"},"canonical":"https:\/\/elektromoskocsi-betegagy.hu\/ro\/portfolio-items\/specialis-kerekparok\/","og_locale":"ro_RO","og_type":"article","og_title":"Speci\u00e1lis ker\u00e9kp\u00e1rok - Rehab Partner Alap\u00edtv\u00e1ny","og_url":"https:\/\/elektromoskocsi-betegagy.hu\/ro\/portfolio-items\/specialis-kerekparok\/","og_site_name":"Rehab Partner Alap\u00edtv\u00e1ny","article_modified_time":"2022-04-27T08:21:14+00:00","og_image":[{"width":480,"height":360,"url":"https:\/\/elektromoskocsi-betegagy.hu\/wp-content\/uploads\/2021\/01\/Haromkerekutricikli.jpg","type":"image\/jpeg"}],"twitter_card":"summary_large_image","twitter_misc":{"Timp estimat pentru citire":"4 minute"},"schema":{"@context":"https:\/\/schema.org","@graph":[{"@type":"WebPage","@id":"https:\/\/elektromoskocsi-betegagy.hu\/hu\/portfolio-items\/specialis-kerekparok\/","url":"https:\/\/elektromoskocsi-betegagy.hu\/hu\/portfolio-items\/specialis-kerekparok\/","name":"Speci\u00e1lis ker\u00e9kp\u00e1rok - Rehab Partner Alap\u00edtv\u00e1ny","isPartOf":{"@id":"https:\/\/elektromoskocsi-betegagy.hu\/hu\/#website"},"datePublished":"2021-01-29T15:24:08+00:00","dateModified":"2022-04-27T08:21:14+00:00","breadcrumb":{"@id":"https:\/\/elektromoskocsi-betegagy.hu\/hu\/portfolio-items\/specialis-kerekparok\/#breadcrumb"},"inLanguage":"ro-RO","potentialAction":[{"@type":"ReadAction","target":["https:\/\/elektromoskocsi-betegagy.hu\/hu\/portfolio-items\/specialis-kerekparok\/"]}]},{"@type":"BreadcrumbList","@id":"https:\/\/elektromoskocsi-betegagy.hu\/hu\/portfolio-items\/specialis-kerekparok\/#breadcrumb","itemListElement":[{"@type":"ListItem","position":1,"name":"Kezd\u0151lap","item":"https:\/\/elektromoskocsi-betegagy.hu\/hu\/"},{"@type":"ListItem","position":2,"name":"Portfolio","item":"https:\/\/elektromoskocsi-betegagy.hu\/hu\/portfolio-items\/"},{"@type":"ListItem","position":3,"name":"Speci\u00e1lis ker\u00e9kp\u00e1rok"}]},{"@type":"WebSite","@id":"https:\/\/elektromoskocsi-betegagy.hu\/hu\/#website","url":"https:\/\/elektromoskocsi-betegagy.hu\/hu\/","name":"Rehab Partner Alap\u00edtv\u00e1ny","description":"K\u00f3rh\u00e1zi \u00e9s gy\u00f3gy\u00e1szati eszk\u00f6z\u00f6k norv\u00e9g nagy rakt\u00e1ra","potentialAction":[{"@type":"SearchAction","target":{"@type":"EntryPoint","urlTemplate":"https:\/\/elektromoskocsi-betegagy.hu\/hu\/?s={search_term_string}"},"query-input":"required name=search_term_string"}],"inLanguage":"ro-RO"}]}},"_links":{"self":[{"href":"https:\/\/elektromoskocsi-betegagy.hu\/ro\/wp-json\/wp\/v2\/avada_portfolio\/1553"}],"collection":[{"href":"https:\/\/elektromoskocsi-betegagy.hu\/ro\/wp-json\/wp\/v2\/avada_portfolio"}],"about":[{"href":"https:\/\/elektromoskocsi-betegagy.hu\/ro\/wp-json\/wp\/v2\/types\/avada_portfolio"}],"author":[{"embeddable":true,"href":"https:\/\/elektromoskocsi-betegagy.hu\/ro\/wp-json\/wp\/v2\/users\/6"}],"replies":[{"embeddable":true,"href":"https:\/\/elektromoskocsi-betegagy.hu\/ro\/wp-json\/wp\/v2\/comments?post=1553"}],"version-history":[{"count":15,"href":"https:\/\/elektromoskocsi-betegagy.hu\/ro\/wp-json\/wp\/v2\/avada_portfolio\/1553\/revisions"}],"predecessor-version":[{"id":2704,"href":"https:\/\/elektromoskocsi-betegagy.hu\/ro\/wp-json\/wp\/v2\/avada_portfolio\/1553\/revisions\/2704"}],"wp:featuredmedia":[{"embeddable":true,"href":"https:\/\/elektromoskocsi-betegagy.hu\/ro\/wp-json\/wp\/v2\/media\/1557"}],"wp:attachment":[{"href":"https:\/\/elektromoskocsi-betegagy.hu\/ro\/wp-json\/wp\/v2\/media?parent=1553"}],"wp:term":[{"taxonomy":"portfolio_category","embeddable":true,"href":"https:\/\/elektromoskocsi-betegagy.hu\/ro\/wp-json\/wp\/v2\/portfolio_category?post=1553"},{"taxonomy":"portfolio_skills","embeddable":true,"href":"https:\/\/elektromoskocsi-betegagy.hu\/ro\/wp-json\/wp\/v2\/portfolio_skills?post=1553"},{"taxonomy":"portfolio_tags","embeddable":true,"href":"https:\/\/elektromoskocsi-betegagy.hu\/ro\/wp-json\/wp\/v2\/portfolio_tags?post=1553"}],"curies":[{"name":"wp","href":"https:\/\/api.w.org\/{rel}","templated":true}]}}